{"id":739667,"date":"2026-01-27T07:21:32","date_gmt":"2026-01-27T07:21:32","guid":{"rendered":"https:\/\/svenskelektronik.se\/?post_type=event&#038;p=739667"},"modified":"2026-04-08T14:40:20","modified_gmt":"2026-04-08T14:40:20","slug":"semcion-2026","status":"publish","type":"event","link":"https:\/\/svenskelektronik.se\/en\/kalender\/semcion-2026\/","title":{"rendered":"Semiconductor 2026"},"content":{"rendered":"<p><strong>SEMICONDUCTOR 2026\u00a0\u00e4r Semiconductor Swedens flaggskeppsevent \u2013 Det halvledarinitiativ som Svensk Elektronik\u00a0\u00e4r v\u00e4rdorganisation f\u00f6r.<\/strong><\/p>\n\n\n\n<p>Den 15 april 2026, under sj\u00e4lvaste Elektronikm\u00e4ssan p\u00e5 \u00c5by Arena i G\u00f6teborg, samlar vi ledande r\u00f6ster fr\u00e5n industri, startups, akademi, forskningsinstitut och myndigheter&nbsp;f\u00f6r att st\u00e4rka Sveriges position i det europeiska och globala halvledarekosystemet.<\/p>\n\n\n\n<p>Vi presenterar dessutom resultatet av Semiconductor Sweden&#8217;s arbete med att ta fram Sveriges halvledarstrategi, ett arbete d\u00e4r alla delar av ekosystemet har bidragit med sina insikter och erfarenheter.<\/p>\n\n\n\n<p>R\u00e4kna med en konferens med stort genomslag som ger en samlad bild kring hur vi \u00f6kar synligheten f\u00f6r Sveriges styrkor och innovationer, och lyfter fram Sveriges v\u00e4xande roll inom global halvledarteknologi.&nbsp;<\/p>\n\n\n\n<p>Program, registrering och mer information <a href=\"https:\/\/semiconsweden.com\/event\/semicon-2026\/\">HERE<\/a>.<br><\/p>\n\n\n\n<p>Hoppas vi ses d\u00e4r!<\/p>\n\n\n\n<p><\/p>","protected":false},"featured_media":740250,"template":"","meta":{"footnotes":""},"class_list":["post-739667","event","type-event","status-publish","has-post-thumbnail","hentry"],"acf":[],"_links":{"self":[{"href":"https:\/\/svenskelektronik.se\/en\/wp-json\/wp\/v2\/event\/739667","targetHints":{"allow":["GET"]}}],"collection":[{"href":"https:\/\/svenskelektronik.se\/en\/wp-json\/wp\/v2\/event"}],"about":[{"href":"https:\/\/svenskelektronik.se\/en\/wp-json\/wp\/v2\/types\/event"}],"version-history":[{"count":11,"href":"https:\/\/svenskelektronik.se\/en\/wp-json\/wp\/v2\/event\/739667\/revisions"}],"predecessor-version":[{"id":740252,"href":"https:\/\/svenskelektronik.se\/en\/wp-json\/wp\/v2\/event\/739667\/revisions\/740252"}],"wp:featuredmedia":[{"embeddable":true,"href":"https:\/\/svenskelektronik.se\/en\/wp-json\/wp\/v2\/media\/740250"}],"wp:attachment":[{"href":"https:\/\/svenskelektronik.se\/en\/wp-json\/wp\/v2\/media?parent=739667"}],"curies":[{"name":"wp","href":"https:\/\/api.w.org\/{rel}","templated":true}]}}