{"id":8,"date":"2024-02-12T18:29:37","date_gmt":"2024-02-12T18:29:37","guid":{"rendered":"https:\/\/svenskelektronik.acrowd.se\/?page_id=8"},"modified":"2026-04-23T12:05:02","modified_gmt":"2026-04-23T12:05:02","slug":"startsida","status":"publish","type":"page","link":"https:\/\/svenskelektronik.se\/en\/","title":{"rendered":"Home page"},"content":{"rendered":"<section  class=\"tebab-block-hero alignfull\" style=\"--heading-color: #ffffff;\">\n\n    <img loading=\"lazy\" decoding=\"async\" width=\"1920\" height=\"1012\" src=\"https:\/\/svenskelektronik.se\/wp-content\/uploads\/2024\/03\/shutterstock_2262698451-1920x1012.jpg\" class=\"attachment-landscape size-landscape\" alt=\"\" srcset=\"https:\/\/svenskelektronik.se\/wp-content\/uploads\/2024\/03\/shutterstock_2262698451-1920x1012.jpg 1920w, https:\/\/svenskelektronik.se\/wp-content\/uploads\/2024\/03\/shutterstock_2262698451-300x158.jpg 300w, https:\/\/svenskelektronik.se\/wp-content\/uploads\/2024\/03\/shutterstock_2262698451-1024x540.jpg 1024w, https:\/\/svenskelektronik.se\/wp-content\/uploads\/2024\/03\/shutterstock_2262698451-768x405.jpg 768w, https:\/\/svenskelektronik.se\/wp-content\/uploads\/2024\/03\/shutterstock_2262698451-1536x810.jpg 1536w, https:\/\/svenskelektronik.se\/wp-content\/uploads\/2024\/03\/shutterstock_2262698451-2048x1080.jpg 2048w\" sizes=\"auto, (max-width: 1920px) 100vw, 1920px\" \/>\n    <div class=\"contained\">\n                <h1 class=\"tebab-block-hero__heading\">\n            Tillsammans f\u00f6r en h\u00e5llbar och konkurrenskraftig elektronikindustri        <\/h1>\n\n                    <div class=\"tebab-block-hero__buttons\">\n                                    <a href=\"\/om-svensk-elektronik\/\" class=\"button primary\" target=\"\" rel=\"noreferrer\">Om Svensk Elektronik<\/a>\n                                    <a href=\"\/medlemskap\" class=\"button styled\" target=\"\" rel=\"noreferrer\">Bli medlem<\/a>\n                            <\/div>\n            <\/div>\n<\/section>\n\n\n<div style=\"height:40px\" aria-hidden=\"true\" class=\"wp-block-spacer\"><\/div>\n\n\n<section  class=\"tebab-block-members_carousel alignfull\" style=\"--members: 148;\">\n    <div class=\"contained\">\n                \n        <div class=\"carousel-wrapper\">\n            <div class=\"carousel-inner\">\n                \n                    \n                    <a class=\"carousel-item\"\n                       href=\"https:\/\/darekon.com\/sv\/\"\n                       target=\"_blank\"\n                       rel=\"noopener noreferrer\"\n                       aria-label=\"Darekon AB\">\n                \n                                                    <img loading=\"lazy\" decoding=\"async\" width=\"300\" height=\"56\" src=\"https:\/\/svenskelektronik.se\/wp-content\/uploads\/2024\/10\/logo_darekonCMYK-300x56.png\" class=\"attachment-medium size-medium wp-post-image\" alt=\"\" srcset=\"https:\/\/svenskelektronik.se\/wp-content\/uploads\/2024\/10\/logo_darekonCMYK-300x56.png 300w, https:\/\/svenskelektronik.se\/wp-content\/uploads\/2024\/10\/logo_darekonCMYK-768x144.png 768w, https:\/\/svenskelektronik.se\/wp-content\/uploads\/2024\/10\/logo_darekonCMYK.png 770w\" sizes=\"auto, (max-width: 300px) 100vw, 300px\" \/>                                            <\/a>\n                \n                    \n                    <a class=\"carousel-item\"\n                       href=\"https:\/\/svenskelektronik.se\/en\/medlemmar\/alvfors-photonics\/\"\n                       target=\"_blank\"\n                       rel=\"noopener noreferrer\"\n                       aria-label=\"Alvfors Photonics\">\n                \n                                                    <h3>Alvfors Photonics<\/h3>\n                                            <\/a>\n                \n                    \n                    <a class=\"carousel-item\"\n                       href=\"https:\/\/www.emcservices.se\"\n                       target=\"_blank\"\n                       rel=\"noopener noreferrer\"\n                       aria-label=\"EMC Services Elmilj\u00f6teknik AB\">\n                \n                                                    <img loading=\"lazy\" decoding=\"async\" width=\"241\" height=\"55\" src=\"https:\/\/svenskelektronik.se\/wp-content\/uploads\/2024\/11\/logo-1-1.png\" class=\"attachment-medium size-medium wp-post-image\" alt=\"\" \/>                                            <\/a>\n                \n                    \n                    <a class=\"carousel-item\"\n                       href=\"https:\/\/www.lu.se\"\n                       target=\"_blank\"\n                       rel=\"noopener noreferrer\"\n                       aria-label=\"Lunds Universitet\">\n                \n                                                    <img loading=\"lazy\" decoding=\"async\" width=\"300\" height=\"79\" src=\"https:\/\/svenskelektronik.se\/wp-content\/uploads\/2025\/04\/Lunds_universitet_L_CMYK_7_0-300x79.png\" class=\"attachment-medium size-medium wp-post-image\" alt=\"\" srcset=\"https:\/\/svenskelektronik.se\/wp-content\/uploads\/2025\/04\/Lunds_universitet_L_CMYK_7_0-300x79.png 300w, https:\/\/svenskelektronik.se\/wp-content\/uploads\/2025\/04\/Lunds_universitet_L_CMYK_7_0-1024x269.png 1024w, https:\/\/svenskelektronik.se\/wp-content\/uploads\/2025\/04\/Lunds_universitet_L_CMYK_7_0-768x202.png 768w, https:\/\/svenskelektronik.se\/wp-content\/uploads\/2025\/04\/Lunds_universitet_L_CMYK_7_0-1536x403.png 1536w, https:\/\/svenskelektronik.se\/wp-content\/uploads\/2025\/04\/Lunds_universitet_L_CMYK_7_0-1920x504.png 1920w, https:\/\/svenskelektronik.se\/wp-content\/uploads\/2025\/04\/Lunds_universitet_L_CMYK_7_0.png 2000w\" sizes=\"auto, (max-width: 300px) 100vw, 300px\" \/>                                            <\/a>\n                \n                    \n                    <a class=\"carousel-item\"\n                       href=\"https:\/\/solutions.datarespons.com\"\n                       target=\"_blank\"\n                       rel=\"noopener noreferrer\"\n                       aria-label=\"Akkodis Data Respons Solutions AB\">\n                \n                                                    <img loading=\"lazy\" decoding=\"async\" width=\"300\" height=\"38\" src=\"https:\/\/svenskelektronik.se\/wp-content\/uploads\/2025\/04\/AKKODIS_Logo_NEG_RGB-e1741944672163-300x38.png\" class=\"attachment-medium size-medium wp-post-image\" alt=\"\" srcset=\"https:\/\/svenskelektronik.se\/wp-content\/uploads\/2025\/04\/AKKODIS_Logo_NEG_RGB-e1741944672163-300x38.png 300w, https:\/\/svenskelektronik.se\/wp-content\/uploads\/2025\/04\/AKKODIS_Logo_NEG_RGB-e1741944672163-768x97.png 768w, https:\/\/svenskelektronik.se\/wp-content\/uploads\/2025\/04\/AKKODIS_Logo_NEG_RGB-e1741944672163.png 800w\" sizes=\"auto, (max-width: 300px) 100vw, 300px\" \/>                                            <\/a>\n                \n                    \n                    <a class=\"carousel-item\"\n                       href=\"http:\/\/www.elektronikproduktion.net\"\n                       target=\"_blank\"\n                       rel=\"noopener noreferrer\"\n                       aria-label=\"Elektronikproduktion i Kinna AB\">\n                \n                                                    <img loading=\"lazy\" decoding=\"async\" width=\"212\" height=\"48\" src=\"https:\/\/svenskelektronik.se\/wp-content\/uploads\/2024\/11\/1392144056-1.png\" class=\"attachment-medium size-medium wp-post-image\" alt=\"\" \/>                                            <\/a>\n                \n                    \n                    <a class=\"carousel-item\"\n                       href=\"http:\/\/www.smw.se\"\n                       target=\"_blank\"\n                       rel=\"noopener noreferrer\"\n                       aria-label=\"Swedish Microwave AB\">\n                \n                                                    <img loading=\"lazy\" decoding=\"async\" width=\"300\" height=\"80\" src=\"https:\/\/svenskelektronik.se\/wp-content\/uploads\/2025\/02\/smw-logga-300x80.png\" class=\"attachment-medium size-medium wp-post-image\" alt=\"\" srcset=\"https:\/\/svenskelektronik.se\/wp-content\/uploads\/2025\/02\/smw-logga-300x80.png 300w, https:\/\/svenskelektronik.se\/wp-content\/uploads\/2025\/02\/smw-logga-768x204.png 768w, https:\/\/svenskelektronik.se\/wp-content\/uploads\/2025\/02\/smw-logga.png 1000w\" sizes=\"auto, (max-width: 300px) 100vw, 300px\" \/>                                            <\/a>\n                \n                    \n                    <a class=\"carousel-item\"\n                       href=\"https:\/\/www.epiroc.com\/sv-se\"\n                       target=\"_blank\"\n                       rel=\"noopener noreferrer\"\n                       aria-label=\"Epiroc Rock Drills AB\">\n                \n                                                    <img loading=\"lazy\" decoding=\"async\" width=\"300\" height=\"84\" src=\"https:\/\/svenskelektronik.se\/wp-content\/uploads\/2024\/11\/epiroc-logo-8C56F8544B-seeklogo.com_.png\" class=\"attachment-medium size-medium wp-post-image\" alt=\"\" \/>                                            <\/a>\n                \n                    \n                    <a class=\"carousel-item\"\n                       href=\"https:\/\/kvalitest.se\"\n                       target=\"_blank\"\n                       rel=\"noopener noreferrer\"\n                       aria-label=\"Kvalitest Industrial\">\n                \n                                                    <img loading=\"lazy\" decoding=\"async\" width=\"300\" height=\"68\" src=\"https:\/\/svenskelektronik.se\/wp-content\/uploads\/2025\/02\/kvalitest-logo-300x68.png\" class=\"attachment-medium size-medium wp-post-image\" alt=\"\" srcset=\"https:\/\/svenskelektronik.se\/wp-content\/uploads\/2025\/02\/kvalitest-logo-300x68.png 300w, https:\/\/svenskelektronik.se\/wp-content\/uploads\/2025\/02\/kvalitest-logo.png 312w\" sizes=\"auto, (max-width: 300px) 100vw, 300px\" \/>                                            <\/a>\n                \n                    \n                    <a class=\"carousel-item\"\n                       href=\"https:\/\/www.cogra.se\/\"\n                       target=\"_blank\"\n                       rel=\"noopener noreferrer\"\n                       aria-label=\"Cogra Pro AB\">\n                \n                                                    <img loading=\"lazy\" decoding=\"async\" width=\"218\" height=\"60\" src=\"https:\/\/svenskelektronik.se\/wp-content\/uploads\/2024\/10\/Cogra_logo_webb-1.png\" class=\"attachment-medium size-medium wp-post-image\" alt=\"\" \/>                                            <\/a>\n                \n                    \n                    <a class=\"carousel-item\"\n                       href=\"https:\/\/www.mandalon.se\"\n                       target=\"_blank\"\n                       rel=\"noopener noreferrer\"\n                       aria-label=\"Mandalon Technologies AB\">\n                \n                                                    <img loading=\"lazy\" decoding=\"async\" width=\"300\" height=\"174\" src=\"https:\/\/svenskelektronik.se\/wp-content\/uploads\/2025\/02\/mandalon-logo-vertical-big-300x174.png\" class=\"attachment-medium size-medium wp-post-image\" alt=\"\" srcset=\"https:\/\/svenskelektronik.se\/wp-content\/uploads\/2025\/02\/mandalon-logo-vertical-big-300x174.png 300w, https:\/\/svenskelektronik.se\/wp-content\/uploads\/2025\/02\/mandalon-logo-vertical-big.png 636w\" sizes=\"auto, (max-width: 300px) 100vw, 300px\" \/>                                            <\/a>\n                \n                    \n                    <a class=\"carousel-item\"\n                       href=\"https:\/\/svenskelektronik.se\/en\/medlemmar\/inission-ab\/\"\n                       target=\"_blank\"\n                       rel=\"noopener noreferrer\"\n                       aria-label=\"Inission AB\">\n                \n                                                    <img loading=\"lazy\" decoding=\"async\" width=\"300\" height=\"56\" src=\"https:\/\/svenskelektronik.se\/wp-content\/uploads\/2025\/02\/inission-logo-farg-for-ljus-bakgrund-300x56.png\" class=\"attachment-medium size-medium wp-post-image\" alt=\"\" srcset=\"https:\/\/svenskelektronik.se\/wp-content\/uploads\/2025\/02\/inission-logo-farg-for-ljus-bakgrund-300x56.png 300w, https:\/\/svenskelektronik.se\/wp-content\/uploads\/2025\/02\/inission-logo-farg-for-ljus-bakgrund-1024x190.png 1024w, https:\/\/svenskelektronik.se\/wp-content\/uploads\/2025\/02\/inission-logo-farg-for-ljus-bakgrund-768x142.png 768w, https:\/\/svenskelektronik.se\/wp-content\/uploads\/2025\/02\/inission-logo-farg-for-ljus-bakgrund.png 1177w\" sizes=\"auto, (max-width: 300px) 100vw, 300px\" \/>                                            <\/a>\n                \n                    \n                    <a class=\"carousel-item\"\n                       href=\"http:\/\/www.annahill.se\/main.php\"\n                       target=\"_blank\"\n                       rel=\"noopener noreferrer\"\n                       aria-label=\"Annahill AB\">\n                \n                                                    <img loading=\"lazy\" decoding=\"async\" width=\"300\" height=\"86\" src=\"https:\/\/svenskelektronik.se\/wp-content\/uploads\/2024\/10\/annahill_logo-300x86.png\" class=\"attachment-medium size-medium wp-post-image\" alt=\"\" srcset=\"https:\/\/svenskelektronik.se\/wp-content\/uploads\/2024\/10\/annahill_logo-300x86.png 300w, https:\/\/svenskelektronik.se\/wp-content\/uploads\/2024\/10\/annahill_logo.png 592w\" sizes=\"auto, (max-width: 300px) 100vw, 300px\" \/>                                            <\/a>\n                \n                    \n                    <a class=\"carousel-item\"\n                       href=\"https:\/\/armeka.se\"\n                       target=\"_blank\"\n                       rel=\"noopener noreferrer\"\n                       aria-label=\"Armeka AB\">\n                \n                                                    <img loading=\"lazy\" decoding=\"async\" width=\"300\" height=\"53\" src=\"https:\/\/svenskelektronik.se\/wp-content\/uploads\/2024\/10\/Armeka-transp-300x53.webp\" class=\"attachment-medium size-medium wp-post-image\" alt=\"\" srcset=\"https:\/\/svenskelektronik.se\/wp-content\/uploads\/2024\/10\/Armeka-transp-300x53.webp 300w, https:\/\/svenskelektronik.se\/wp-content\/uploads\/2024\/10\/Armeka-transp.webp 413w\" sizes=\"auto, (max-width: 300px) 100vw, 300px\" \/>                                            <\/a>\n                \n                    \n                    <a class=\"carousel-item\"\n                       href=\"https:\/\/www.elfa.se\/sv\/\"\n                       target=\"_blank\"\n                       rel=\"noopener noreferrer\"\n                       aria-label=\"ELFA Distrelec AB\">\n                \n                                                    <img loading=\"lazy\" decoding=\"async\" width=\"300\" height=\"63\" src=\"https:\/\/svenskelektronik.se\/wp-content\/uploads\/2024\/11\/elfadistrelec-rs-logo-sv-300x63.png\" class=\"attachment-medium size-medium wp-post-image\" alt=\"\" srcset=\"https:\/\/svenskelektronik.se\/wp-content\/uploads\/2024\/11\/elfadistrelec-rs-logo-sv-300x63.png 300w, https:\/\/svenskelektronik.se\/wp-content\/uploads\/2024\/11\/elfadistrelec-rs-logo-sv-1024x216.png 1024w, https:\/\/svenskelektronik.se\/wp-content\/uploads\/2024\/11\/elfadistrelec-rs-logo-sv-768x162.png 768w, https:\/\/svenskelektronik.se\/wp-content\/uploads\/2024\/11\/elfadistrelec-rs-logo-sv-1536x323.png 1536w, https:\/\/svenskelektronik.se\/wp-content\/uploads\/2024\/11\/elfadistrelec-rs-logo-sv.png 1900w\" sizes=\"auto, (max-width: 300px) 100vw, 300px\" \/>                                            <\/a>\n                \n                    \n                    <a class=\"carousel-item\"\n                       href=\"https:\/\/www.ri.se\/\"\n                       target=\"_blank\"\n                       rel=\"noopener noreferrer\"\n                       aria-label=\"RISE\">\n                \n                                                    <img loading=\"lazy\" decoding=\"async\" width=\"234\" height=\"300\" src=\"https:\/\/svenskelektronik.se\/wp-content\/uploads\/2025\/02\/rise-logo-black-234x300.png\" class=\"attachment-medium size-medium wp-post-image\" alt=\"\" srcset=\"https:\/\/svenskelektronik.se\/wp-content\/uploads\/2025\/02\/rise-logo-black-234x300.png 234w, https:\/\/svenskelektronik.se\/wp-content\/uploads\/2025\/02\/rise-logo-black.png 500w\" sizes=\"auto, (max-width: 234px) 100vw, 234px\" \/>                                            <\/a>\n                \n                    \n                    <a class=\"carousel-item\"\n                       href=\"https:\/\/hectronic.se\/\"\n                       target=\"_blank\"\n                       rel=\"noopener noreferrer\"\n                       aria-label=\"Hectronic AB\">\n                \n                                                    <img loading=\"lazy\" decoding=\"async\" width=\"300\" height=\"53\" src=\"https:\/\/svenskelektronik.se\/wp-content\/uploads\/2025\/02\/hectonic-300x53.png\" class=\"attachment-medium size-medium wp-post-image\" alt=\"\" srcset=\"https:\/\/svenskelektronik.se\/wp-content\/uploads\/2025\/02\/hectonic-300x53.png 300w, https:\/\/svenskelektronik.se\/wp-content\/uploads\/2025\/02\/hectonic.png 570w\" sizes=\"auto, (max-width: 300px) 100vw, 300px\" \/>                                            <\/a>\n                \n                    \n                    <a class=\"carousel-item\"\n                       href=\"https:\/\/wretom.se\"\n                       target=\"_blank\"\n                       rel=\"noopener noreferrer\"\n                       aria-label=\"Wretom Consilium AB\">\n                \n                                                    <img loading=\"lazy\" decoding=\"async\" width=\"300\" height=\"169\" src=\"https:\/\/svenskelektronik.se\/wp-content\/uploads\/2025\/06\/wretom-300x169.png\" class=\"attachment-medium size-medium wp-post-image\" alt=\"\" srcset=\"https:\/\/svenskelektronik.se\/wp-content\/uploads\/2025\/06\/wretom-300x169.png 300w, https:\/\/svenskelektronik.se\/wp-content\/uploads\/2025\/06\/wretom-1024x575.png 1024w, https:\/\/svenskelektronik.se\/wp-content\/uploads\/2025\/06\/wretom-768x431.png 768w, https:\/\/svenskelektronik.se\/wp-content\/uploads\/2025\/06\/wretom.png 1200w\" sizes=\"auto, (max-width: 300px) 100vw, 300px\" \/>                                            <\/a>\n                \n                    \n                    <a class=\"carousel-item\"\n                       href=\"https:\/\/svenskelektronik.se\/en\/medlemmar\/peksab-ab\/\"\n                       target=\"_blank\"\n                       rel=\"noopener noreferrer\"\n                       aria-label=\"PEKSAB AB\">\n                \n                                                    <img loading=\"lazy\" decoding=\"async\" width=\"200\" height=\"52\" src=\"https:\/\/svenskelektronik.se\/wp-content\/uploads\/2025\/02\/Peksab-logotype-webbformat.png\" class=\"attachment-medium size-medium wp-post-image\" alt=\"\" \/>                                            <\/a>\n                \n                    \n                    <a class=\"carousel-item\"\n                       href=\"https:\/\/ithing.se\"\n                       target=\"_blank\"\n                       rel=\"noopener noreferrer\"\n                       aria-label=\"iThing AB\">\n                \n                                                    <img loading=\"lazy\" decoding=\"async\" width=\"150\" height=\"40\" src=\"https:\/\/svenskelektronik.se\/wp-content\/uploads\/2025\/02\/iThing-Loggo-Enkel-Vit-e1714983884480-qnr5f1wg3kvrnbkcwfbd6fk44ssf3vjylx9s4q1a1c.png\" class=\"attachment-medium size-medium wp-post-image\" alt=\"\" \/>                                            <\/a>\n                \n                    \n                    <a class=\"carousel-item\"\n                       href=\"https:\/\/mobitron.com\/sv\/\"\n                       target=\"_blank\"\n                       rel=\"noopener noreferrer\"\n                       aria-label=\"Mobitron AB\">\n                \n                                                    <img loading=\"lazy\" decoding=\"async\" width=\"300\" height=\"90\" src=\"https:\/\/svenskelektronik.se\/wp-content\/uploads\/2025\/02\/Mobitron_logo-300x90.png\" class=\"attachment-medium size-medium wp-post-image\" alt=\"\" srcset=\"https:\/\/svenskelektronik.se\/wp-content\/uploads\/2025\/02\/Mobitron_logo-300x90.png 300w, https:\/\/svenskelektronik.se\/wp-content\/uploads\/2025\/02\/Mobitron_logo.png 500w\" sizes=\"auto, (max-width: 300px) 100vw, 300px\" \/>                                            <\/a>\n                \n                    \n                    <a class=\"carousel-item\"\n                       href=\"https:\/\/cirtag.eu\/\"\n                       target=\"_blank\"\n                       rel=\"noopener noreferrer\"\n                       aria-label=\"Cirtag AB\">\n                \n                                                    <img loading=\"lazy\" decoding=\"async\" width=\"300\" height=\"240\" src=\"https:\/\/svenskelektronik.se\/wp-content\/uploads\/2026\/02\/cirtag-logo-300x240.png\" class=\"attachment-medium size-medium wp-post-image\" alt=\"\" srcset=\"https:\/\/svenskelektronik.se\/wp-content\/uploads\/2026\/02\/cirtag-logo-300x240.png 300w, https:\/\/svenskelektronik.se\/wp-content\/uploads\/2026\/02\/cirtag-logo-15x12.png 15w, https:\/\/svenskelektronik.se\/wp-content\/uploads\/2026\/02\/cirtag-logo.png 328w\" sizes=\"auto, (max-width: 300px) 100vw, 300px\" \/>                                            <\/a>\n                \n                    \n                    <a class=\"carousel-item\"\n                       href=\"https:\/\/www.novanik.se\/\"\n                       target=\"_blank\"\n                       rel=\"noopener noreferrer\"\n                       aria-label=\"Novanik AB\">\n                \n                                                    <img loading=\"lazy\" decoding=\"async\" width=\"200\" height=\"54\" src=\"https:\/\/svenskelektronik.se\/wp-content\/uploads\/2025\/02\/Novanik-logotype-webbformat.png\" class=\"attachment-medium size-medium wp-post-image\" alt=\"\" \/>                                            <\/a>\n                \n                    \n                    <a class=\"carousel-item\"\n                       href=\"http:\/\/www.gutec.se\"\n                       target=\"_blank\"\n                       rel=\"noopener noreferrer\"\n                       aria-label=\"Gutec AB\">\n                \n                                                    <img loading=\"lazy\" decoding=\"async\" width=\"300\" height=\"53\" src=\"https:\/\/svenskelektronik.se\/wp-content\/uploads\/2025\/02\/Gutec-300x53.png\" class=\"attachment-medium size-medium wp-post-image\" alt=\"\" srcset=\"https:\/\/svenskelektronik.se\/wp-content\/uploads\/2025\/02\/Gutec-300x53.png 300w, https:\/\/svenskelektronik.se\/wp-content\/uploads\/2025\/02\/Gutec.png 539w\" sizes=\"auto, (max-width: 300px) 100vw, 300px\" \/>                                            <\/a>\n                \n                    \n                    <a class=\"carousel-item\"\n                       href=\"https:\/\/www.columbia.se\/\"\n                       target=\"_blank\"\n                       rel=\"noopener noreferrer\"\n                       aria-label=\"Columbia Elektronik AB\">\n                \n                                                    <img loading=\"lazy\" decoding=\"async\" width=\"160\" height=\"11\" src=\"https:\/\/svenskelektronik.se\/wp-content\/uploads\/2024\/10\/columbia_elektronik_logo-160x11-1.png\" class=\"attachment-medium size-medium wp-post-image\" alt=\"\" srcset=\"https:\/\/svenskelektronik.se\/wp-content\/uploads\/2024\/10\/columbia_elektronik_logo-160x11-1.png 160w, https:\/\/svenskelektronik.se\/wp-content\/uploads\/2024\/10\/columbia_elektronik_logo-160x11-1-150x11.png 150w\" sizes=\"auto, (max-width: 160px) 100vw, 160px\" \/>                                            <\/a>\n                \n                    \n                    <a class=\"carousel-item\"\n                       href=\"https:\/\/www.volvocars.com\/se\/\"\n                       target=\"_blank\"\n                       rel=\"noopener noreferrer\"\n                       aria-label=\"Volvo Cars\">\n                \n                                                    <img loading=\"lazy\" decoding=\"async\" width=\"300\" height=\"23\" src=\"https:\/\/svenskelektronik.se\/wp-content\/uploads\/2024\/11\/160726_Volvo_Spread_Word_Mark-1-300x23.png\" class=\"attachment-medium size-medium wp-post-image\" alt=\"\" srcset=\"https:\/\/svenskelektronik.se\/wp-content\/uploads\/2024\/11\/160726_Volvo_Spread_Word_Mark-1-300x23.png 300w, https:\/\/svenskelektronik.se\/wp-content\/uploads\/2024\/11\/160726_Volvo_Spread_Word_Mark-1-1024x79.png 1024w, https:\/\/svenskelektronik.se\/wp-content\/uploads\/2024\/11\/160726_Volvo_Spread_Word_Mark-1-768x60.png 768w, https:\/\/svenskelektronik.se\/wp-content\/uploads\/2024\/11\/160726_Volvo_Spread_Word_Mark-1-1536x119.png 1536w, https:\/\/svenskelektronik.se\/wp-content\/uploads\/2024\/11\/160726_Volvo_Spread_Word_Mark-1-2048x159.png 2048w, https:\/\/svenskelektronik.se\/wp-content\/uploads\/2024\/11\/160726_Volvo_Spread_Word_Mark-1-1920x149.png 1920w\" sizes=\"auto, (max-width: 300px) 100vw, 300px\" \/>                                            <\/a>\n                \n                    \n                    <a class=\"carousel-item\"\n                       href=\"https:\/\/www.leinelinde.com\/sv\/\"\n                       target=\"_blank\"\n                       rel=\"noopener noreferrer\"\n                       aria-label=\"Leine &amp; Linde AB\">\n                \n                                                    <img loading=\"lazy\" decoding=\"async\" width=\"300\" height=\"28\" src=\"https:\/\/svenskelektronik.se\/wp-content\/uploads\/2025\/02\/leine-linde-300x28.png\" class=\"attachment-medium size-medium wp-post-image\" alt=\"\" srcset=\"https:\/\/svenskelektronik.se\/wp-content\/uploads\/2025\/02\/leine-linde-300x28.png 300w, https:\/\/svenskelektronik.se\/wp-content\/uploads\/2025\/02\/leine-linde.png 500w\" sizes=\"auto, (max-width: 300px) 100vw, 300px\" \/>                                            <\/a>\n                \n                    \n                    <a class=\"carousel-item\"\n                       href=\"https:\/\/incona.se\"\n                       target=\"_blank\"\n                       rel=\"noopener noreferrer\"\n                       aria-label=\"Incona\">\n                \n                                                    <img loading=\"lazy\" decoding=\"async\" width=\"300\" height=\"101\" src=\"https:\/\/svenskelektronik.se\/wp-content\/uploads\/2025\/06\/Incona_Logo_Orange_Text-300x101.png\" class=\"attachment-medium size-medium wp-post-image\" alt=\"\" srcset=\"https:\/\/svenskelektronik.se\/wp-content\/uploads\/2025\/06\/Incona_Logo_Orange_Text-300x101.png 300w, https:\/\/svenskelektronik.se\/wp-content\/uploads\/2025\/06\/Incona_Logo_Orange_Text-1024x345.png 1024w, https:\/\/svenskelektronik.se\/wp-content\/uploads\/2025\/06\/Incona_Logo_Orange_Text-768x259.png 768w, https:\/\/svenskelektronik.se\/wp-content\/uploads\/2025\/06\/Incona_Logo_Orange_Text-1536x517.png 1536w, https:\/\/svenskelektronik.se\/wp-content\/uploads\/2025\/06\/Incona_Logo_Orange_Text-2048x690.png 2048w, https:\/\/svenskelektronik.se\/wp-content\/uploads\/2025\/06\/Incona_Logo_Orange_Text-1920x647.png 1920w\" sizes=\"auto, (max-width: 300px) 100vw, 300px\" \/>                                            <\/a>\n                \n                    \n                    <a class=\"carousel-item\"\n                       href=\"https:\/\/www.ericsson.com\"\n                       target=\"_blank\"\n                       rel=\"noopener noreferrer\"\n                       aria-label=\"Ericsson\">\n                \n                                                    <img loading=\"lazy\" decoding=\"async\" width=\"300\" height=\"61\" src=\"https:\/\/svenskelektronik.se\/wp-content\/uploads\/2024\/11\/ERI_horizontal_RGB-300x61.png\" class=\"attachment-medium size-medium wp-post-image\" alt=\"\" srcset=\"https:\/\/svenskelektronik.se\/wp-content\/uploads\/2024\/11\/ERI_horizontal_RGB-300x61.png 300w, https:\/\/svenskelektronik.se\/wp-content\/uploads\/2024\/11\/ERI_horizontal_RGB-1024x208.png 1024w, https:\/\/svenskelektronik.se\/wp-content\/uploads\/2024\/11\/ERI_horizontal_RGB-768x156.png 768w, https:\/\/svenskelektronik.se\/wp-content\/uploads\/2024\/11\/ERI_horizontal_RGB.png 1500w\" sizes=\"auto, (max-width: 300px) 100vw, 300px\" \/>                                            <\/a>\n                \n                    \n                    <a class=\"carousel-item\"\n                       href=\"https:\/\/svenskelektronik.se\/en\/medlemmar\/arxlight-ab\/\"\n                       target=\"_blank\"\n                       rel=\"noopener noreferrer\"\n                       aria-label=\"Arxlight AB\">\n                \n                                                    <img loading=\"lazy\" decoding=\"async\" width=\"300\" height=\"122\" src=\"https:\/\/svenskelektronik.se\/wp-content\/uploads\/2024\/10\/Arxlight-300x122.png\" class=\"attachment-medium size-medium wp-post-image\" alt=\"\" srcset=\"https:\/\/svenskelektronik.se\/wp-content\/uploads\/2024\/10\/Arxlight-300x122.png 300w, https:\/\/svenskelektronik.se\/wp-content\/uploads\/2024\/10\/Arxlight.png 740w\" sizes=\"auto, (max-width: 300px) 100vw, 300px\" \/>                                            <\/a>\n                \n                    \n                    <a class=\"carousel-item\"\n                       href=\"https:\/\/www.rohde-schwarz.com\/se\/about-sweden\/rohde-schwarz-sweden\/about-rohde-schwarz-sweden_251136.html\"\n                       target=\"_blank\"\n                       rel=\"noopener noreferrer\"\n                       aria-label=\"Rohde &amp; Schwarz Sverige AB\">\n                \n                                                    <img loading=\"lazy\" decoding=\"async\" width=\"300\" height=\"77\" src=\"https:\/\/svenskelektronik.se\/wp-content\/uploads\/2025\/02\/rus-logo-300x77.png\" class=\"attachment-medium size-medium wp-post-image\" alt=\"\" srcset=\"https:\/\/svenskelektronik.se\/wp-content\/uploads\/2025\/02\/rus-logo-300x77.png 300w, https:\/\/svenskelektronik.se\/wp-content\/uploads\/2025\/02\/rus-logo.png 500w\" sizes=\"auto, (max-width: 300px) 100vw, 300px\" \/>                                            <\/a>\n                \n                    \n                    <a class=\"carousel-item\"\n                       href=\"https:\/\/www.treston.se\/kontakta-oss\"\n                       target=\"_blank\"\n                       rel=\"noopener noreferrer\"\n                       aria-label=\"Treston AB\">\n                \n                                                    <img loading=\"lazy\" decoding=\"async\" width=\"300\" height=\"43\" src=\"https:\/\/svenskelektronik.se\/wp-content\/uploads\/2025\/02\/logo-1-300x43.png\" class=\"attachment-medium size-medium wp-post-image\" alt=\"\" srcset=\"https:\/\/svenskelektronik.se\/wp-content\/uploads\/2025\/02\/logo-1-300x43.png 300w, https:\/\/svenskelektronik.se\/wp-content\/uploads\/2025\/02\/logo-1.png 500w\" sizes=\"auto, (max-width: 300px) 100vw, 300px\" \/>                                            <\/a>\n                \n                    \n                    <a class=\"carousel-item\"\n                       href=\"https:\/\/www.alltronic.se\/\"\n                       target=\"_blank\"\n                       rel=\"noopener noreferrer\"\n                       aria-label=\"Alltronic AB\">\n                \n                                                    <img loading=\"lazy\" decoding=\"async\" width=\"300\" height=\"123\" src=\"https:\/\/svenskelektronik.se\/wp-content\/uploads\/2024\/05\/alltronic_logo@3x-300x123.png\" class=\"attachment-medium size-medium wp-post-image\" alt=\"\" srcset=\"https:\/\/svenskelektronik.se\/wp-content\/uploads\/2024\/05\/alltronic_logo@3x-300x123.png 300w, https:\/\/svenskelektronik.se\/wp-content\/uploads\/2024\/05\/alltronic_logo@3x-1024x420.png 1024w, https:\/\/svenskelektronik.se\/wp-content\/uploads\/2024\/05\/alltronic_logo@3x-768x315.png 768w, https:\/\/svenskelektronik.se\/wp-content\/uploads\/2024\/05\/alltronic_logo@3x-1536x631.png 1536w, https:\/\/svenskelektronik.se\/wp-content\/uploads\/2024\/05\/alltronic_logo@3x.png 1666w\" sizes=\"auto, (max-width: 300px) 100vw, 300px\" \/>                                            <\/a>\n                \n                    \n                    <a class=\"carousel-item\"\n                       href=\"https:\/\/svenskelektronik.se\/en\/medlemmar\/analogik-teknik-ab\/\"\n                       target=\"_blank\"\n                       rel=\"noopener noreferrer\"\n                       aria-label=\"Analogik Teknik AB\">\n                \n                                                    <h3>Analogik Teknik AB<\/h3>\n                                            <\/a>\n                \n                    \n                    <a class=\"carousel-item\"\n                       href=\"https:\/\/www.mikrodust.com\/\"\n                       target=\"_blank\"\n                       rel=\"noopener noreferrer\"\n                       aria-label=\"Mikrodust AB\">\n                \n                                                    <img loading=\"lazy\" decoding=\"async\" width=\"200\" height=\"58\" src=\"https:\/\/svenskelektronik.se\/wp-content\/uploads\/2025\/04\/mikrodust_ab_logo.jpeg\" class=\"attachment-medium size-medium wp-post-image\" alt=\"\" \/>                                            <\/a>\n                \n                    \n                    <a class=\"carousel-item\"\n                       href=\"http:\/\/certain.li\"\n                       target=\"_blank\"\n                       rel=\"noopener noreferrer\"\n                       aria-label=\"Certainli\">\n                \n                                                    <img loading=\"lazy\" decoding=\"async\" width=\"213\" height=\"179\" src=\"https:\/\/svenskelektronik.se\/wp-content\/uploads\/2024\/10\/Certainli-Logotype-Stacked-Green@2048w-213x179-1.png\" class=\"attachment-medium size-medium wp-post-image\" alt=\"\" \/>                                            <\/a>\n                \n                    \n                    <a class=\"carousel-item\"\n                       href=\"https:\/\/eepab.com\"\n                       target=\"_blank\"\n                       rel=\"noopener noreferrer\"\n                       aria-label=\"Eskilstuna Elektronikpartner AB\">\n                \n                                                    <img loading=\"lazy\" decoding=\"async\" width=\"181\" height=\"65\" src=\"https:\/\/svenskelektronik.se\/wp-content\/uploads\/2024\/11\/eepab-logo.png\" class=\"attachment-medium size-medium wp-post-image\" alt=\"\" \/>                                            <\/a>\n                \n                    \n                    <a class=\"carousel-item\"\n                       href=\"https:\/\/exploric.com\/\"\n                       target=\"_blank\"\n                       rel=\"noopener noreferrer\"\n                       aria-label=\"Exploric AB\">\n                \n                                                    <h3>Exploric AB<\/h3>\n                                            <\/a>\n                \n                    \n                    <a class=\"carousel-item\"\n                       href=\"https:\/\/svenskelektronik.se\/en\/medlemmar\/acetronics-ab\/\"\n                       target=\"_blank\"\n                       rel=\"noopener noreferrer\"\n                       aria-label=\"Acetronics AB\">\n                \n                                                    <img loading=\"lazy\" decoding=\"async\" width=\"300\" height=\"59\" src=\"https:\/\/svenskelektronik.se\/wp-content\/uploads\/2024\/05\/9065@2x-300x59.png\" class=\"attachment-medium size-medium wp-post-image\" alt=\"\" srcset=\"https:\/\/svenskelektronik.se\/wp-content\/uploads\/2024\/05\/9065@2x-300x59.png 300w, https:\/\/svenskelektronik.se\/wp-content\/uploads\/2024\/05\/9065@2x.png 678w\" sizes=\"auto, (max-width: 300px) 100vw, 300px\" \/>                                            <\/a>\n                \n                    \n                    <a class=\"carousel-item\"\n                       href=\"https:\/\/matronic.se\"\n                       target=\"_blank\"\n                       rel=\"noopener noreferrer\"\n                       aria-label=\"Matronic i Sverige AB\">\n                \n                                                    <img loading=\"lazy\" decoding=\"async\" width=\"300\" height=\"58\" src=\"https:\/\/svenskelektronik.se\/wp-content\/uploads\/2025\/02\/cropped-40-768x432-1-300x58.png\" class=\"attachment-medium size-medium wp-post-image\" alt=\"\" srcset=\"https:\/\/svenskelektronik.se\/wp-content\/uploads\/2025\/02\/cropped-40-768x432-1-300x58.png 300w, https:\/\/svenskelektronik.se\/wp-content\/uploads\/2025\/02\/cropped-40-768x432-1.png 738w\" sizes=\"auto, (max-width: 300px) 100vw, 300px\" \/>                                            <\/a>\n                \n                    \n                    <a class=\"carousel-item\"\n                       href=\"https:\/\/www.jondetech.com\"\n                       target=\"_blank\"\n                       rel=\"noopener noreferrer\"\n                       aria-label=\"JonDeTech Sensors AB\">\n                \n                                                    <img loading=\"lazy\" decoding=\"async\" width=\"300\" height=\"84\" src=\"https:\/\/svenskelektronik.se\/wp-content\/uploads\/2025\/02\/JDT_Primary_Logo-300x84.png\" class=\"attachment-medium size-medium wp-post-image\" alt=\"\" srcset=\"https:\/\/svenskelektronik.se\/wp-content\/uploads\/2025\/02\/JDT_Primary_Logo-300x84.png 300w, https:\/\/svenskelektronik.se\/wp-content\/uploads\/2025\/02\/JDT_Primary_Logo-1024x286.png 1024w, https:\/\/svenskelektronik.se\/wp-content\/uploads\/2025\/02\/JDT_Primary_Logo-768x215.png 768w, https:\/\/svenskelektronik.se\/wp-content\/uploads\/2025\/02\/JDT_Primary_Logo-1536x429.png 1536w, https:\/\/svenskelektronik.se\/wp-content\/uploads\/2025\/02\/JDT_Primary_Logo-2048x572.png 2048w, https:\/\/svenskelektronik.se\/wp-content\/uploads\/2025\/02\/JDT_Primary_Logo-1920x536.png 1920w\" sizes=\"auto, (max-width: 300px) 100vw, 300px\" \/>                                            <\/a>\n                \n                    \n                    <a class=\"carousel-item\"\n                       href=\"https:\/\/svenskelektronik.se\/en\/medlemmar\/sigrand-consulting-ab\/\"\n                       target=\"_blank\"\n                       rel=\"noopener noreferrer\"\n                       aria-label=\"Sigrand Consulting AB\u00a0\">\n                \n                                                    <h3>Sigrand Consulting AB\u00a0<\/h3>\n                                            <\/a>\n                \n                    \n                    <a class=\"carousel-item\"\n                       href=\"https:\/\/www.saab.com\"\n                       target=\"_blank\"\n                       rel=\"noopener noreferrer\"\n                       aria-label=\"SAAB\">\n                \n                                                    <img loading=\"lazy\" decoding=\"async\" width=\"300\" height=\"111\" src=\"https:\/\/svenskelektronik.se\/wp-content\/uploads\/2024\/11\/saab-technologies-300x111.png\" class=\"attachment-medium size-medium wp-post-image\" alt=\"\" srcset=\"https:\/\/svenskelektronik.se\/wp-content\/uploads\/2024\/11\/saab-technologies-300x111.png 300w, https:\/\/svenskelektronik.se\/wp-content\/uploads\/2024\/11\/saab-technologies-1024x379.png 1024w, https:\/\/svenskelektronik.se\/wp-content\/uploads\/2024\/11\/saab-technologies-768x284.png 768w, https:\/\/svenskelektronik.se\/wp-content\/uploads\/2024\/11\/saab-technologies-1536x568.png 1536w, https:\/\/svenskelektronik.se\/wp-content\/uploads\/2024\/11\/saab-technologies-2048x758.png 2048w, https:\/\/svenskelektronik.se\/wp-content\/uploads\/2024\/11\/saab-technologies-1920x710.png 1920w\" sizes=\"auto, (max-width: 300px) 100vw, 300px\" \/>                                            <\/a>\n                \n                    \n                    <a class=\"carousel-item\"\n                       href=\"https:\/\/www.martinsson.se\"\n                       target=\"_blank\"\n                       rel=\"noopener noreferrer\"\n                       aria-label=\"Martinsson Elektronik AB\">\n                \n                                                    <img loading=\"lazy\" decoding=\"async\" width=\"300\" height=\"40\" src=\"https:\/\/svenskelektronik.se\/wp-content\/uploads\/2025\/02\/martinsson-footer-logo-2-300x40.png\" class=\"attachment-medium size-medium wp-post-image\" alt=\"\" srcset=\"https:\/\/svenskelektronik.se\/wp-content\/uploads\/2025\/02\/martinsson-footer-logo-2-300x40.png 300w, https:\/\/svenskelektronik.se\/wp-content\/uploads\/2025\/02\/martinsson-footer-logo-2.png 600w\" sizes=\"auto, (max-width: 300px) 100vw, 300px\" \/>                                            <\/a>\n                \n                    \n                    <a class=\"carousel-item\"\n                       href=\"https:\/\/www.epishine.com\/\"\n                       target=\"_blank\"\n                       rel=\"noopener noreferrer\"\n                       aria-label=\"Epishine AB\">\n                \n                                                    <img loading=\"lazy\" decoding=\"async\" width=\"300\" height=\"65\" src=\"https:\/\/svenskelektronik.se\/wp-content\/uploads\/2024\/11\/epishine-logo-300x65.png\" class=\"attachment-medium size-medium wp-post-image\" alt=\"\" srcset=\"https:\/\/svenskelektronik.se\/wp-content\/uploads\/2024\/11\/epishine-logo-300x65.png 300w, https:\/\/svenskelektronik.se\/wp-content\/uploads\/2024\/11\/epishine-logo-1024x221.png 1024w, https:\/\/svenskelektronik.se\/wp-content\/uploads\/2024\/11\/epishine-logo-768x166.png 768w, https:\/\/svenskelektronik.se\/wp-content\/uploads\/2024\/11\/epishine-logo.png 1390w\" sizes=\"auto, (max-width: 300px) 100vw, 300px\" \/>                                            <\/a>\n                \n                    \n                    <a class=\"carousel-item\"\n                       href=\"https:\/\/www.mycronic.com\"\n                       target=\"_blank\"\n                       rel=\"noopener noreferrer\"\n                       aria-label=\"Mycronic Technologies AB\">\n                \n                                                    <img loading=\"lazy\" decoding=\"async\" width=\"300\" height=\"74\" src=\"https:\/\/svenskelektronik.se\/wp-content\/uploads\/2025\/02\/mycronic-300x74.png\" class=\"attachment-medium size-medium wp-post-image\" alt=\"\" srcset=\"https:\/\/svenskelektronik.se\/wp-content\/uploads\/2025\/02\/mycronic-300x74.png 300w, https:\/\/svenskelektronik.se\/wp-content\/uploads\/2025\/02\/mycronic.png 514w\" sizes=\"auto, (max-width: 300px) 100vw, 300px\" \/>                                            <\/a>\n                \n                    \n                    <a class=\"carousel-item\"\n                       href=\"http:\/\/www.accuratenordic.com\"\n                       target=\"_blank\"\n                       rel=\"noopener noreferrer\"\n                       aria-label=\"Accurate Nordic AB\">\n                \n                                                    <img loading=\"lazy\" decoding=\"async\" width=\"300\" height=\"64\" src=\"https:\/\/svenskelektronik.se\/wp-content\/uploads\/2024\/03\/Accurate_Logo_Horizontal_n328x70-300x64.png\" class=\"attachment-medium size-medium wp-post-image\" alt=\"\" srcset=\"https:\/\/svenskelektronik.se\/wp-content\/uploads\/2024\/03\/Accurate_Logo_Horizontal_n328x70-300x64.png 300w, https:\/\/svenskelektronik.se\/wp-content\/uploads\/2024\/03\/Accurate_Logo_Horizontal_n328x70.png 328w\" sizes=\"auto, (max-width: 300px) 100vw, 300px\" \/>                                            <\/a>\n                \n                    \n                    <a class=\"carousel-item\"\n                       href=\"https:\/\/www.hh.se\"\n                       target=\"_blank\"\n                       rel=\"noopener noreferrer\"\n                       aria-label=\"H\u00f6gskolan i Halmstad\">\n                \n                                                    <img loading=\"lazy\" decoding=\"async\" width=\"300\" height=\"101\" src=\"https:\/\/svenskelektronik.se\/wp-content\/uploads\/2025\/02\/hh-logo-300x101.png\" class=\"attachment-medium size-medium wp-post-image\" alt=\"\" srcset=\"https:\/\/svenskelektronik.se\/wp-content\/uploads\/2025\/02\/hh-logo-300x101.png 300w, https:\/\/svenskelektronik.se\/wp-content\/uploads\/2025\/02\/hh-logo-768x258.png 768w, https:\/\/svenskelektronik.se\/wp-content\/uploads\/2025\/02\/hh-logo.png 1000w\" sizes=\"auto, (max-width: 300px) 100vw, 300px\" \/>                                            <\/a>\n                \n                    \n                    <a class=\"carousel-item\"\n                       href=\"https:\/\/www.flir.com\"\n                       target=\"_blank\"\n                       rel=\"noopener noreferrer\"\n                       aria-label=\"FLIR Systems AB\">\n                \n                                                    <img loading=\"lazy\" decoding=\"async\" width=\"213\" height=\"73\" src=\"https:\/\/svenskelektronik.se\/wp-content\/uploads\/2025\/02\/Unknown-213x73-1.png\" class=\"attachment-medium size-medium wp-post-image\" alt=\"\" \/>                                            <\/a>\n                \n                    \n                    <a class=\"carousel-item\"\n                       href=\"https:\/\/www.promoco.se\"\n                       target=\"_blank\"\n                       rel=\"noopener noreferrer\"\n                       aria-label=\"Promoco Scandinavia AB\">\n                \n                                                    <img loading=\"lazy\" decoding=\"async\" width=\"300\" height=\"59\" src=\"https:\/\/svenskelektronik.se\/wp-content\/uploads\/2025\/02\/promoco_logo_white-300x59.png\" class=\"attachment-medium size-medium wp-post-image\" alt=\"\" srcset=\"https:\/\/svenskelektronik.se\/wp-content\/uploads\/2025\/02\/promoco_logo_white-300x59.png 300w, https:\/\/svenskelektronik.se\/wp-content\/uploads\/2025\/02\/promoco_logo_white-1024x200.png 1024w, https:\/\/svenskelektronik.se\/wp-content\/uploads\/2025\/02\/promoco_logo_white-768x150.png 768w, https:\/\/svenskelektronik.se\/wp-content\/uploads\/2025\/02\/promoco_logo_white.png 1080w\" sizes=\"auto, (max-width: 300px) 100vw, 300px\" \/>                                            <\/a>\n                \n                    \n                    <a class=\"carousel-item\"\n                       href=\"https:\/\/svenskelektronik.se\/en\/medlemmar\/asensor-technology-ab\/\"\n                       target=\"_blank\"\n                       rel=\"noopener noreferrer\"\n                       aria-label=\"Asensor Technology AB\">\n                \n                                                    <img loading=\"lazy\" decoding=\"async\" width=\"300\" height=\"119\" src=\"https:\/\/svenskelektronik.se\/wp-content\/uploads\/2024\/10\/Asensor-logo-bla-transparent-300x119.png\" class=\"attachment-medium size-medium wp-post-image\" alt=\"\" srcset=\"https:\/\/svenskelektronik.se\/wp-content\/uploads\/2024\/10\/Asensor-logo-bla-transparent-300x119.png 300w, https:\/\/svenskelektronik.se\/wp-content\/uploads\/2024\/10\/Asensor-logo-bla-transparent.png 319w\" sizes=\"auto, (max-width: 300px) 100vw, 300px\" \/>                                            <\/a>\n                \n                    \n                    <a class=\"carousel-item\"\n                       href=\"https:\/\/swelex.se\/\"\n                       target=\"_blank\"\n                       rel=\"noopener noreferrer\"\n                       aria-label=\"Swelex AB\">\n                \n                                                    <img loading=\"lazy\" decoding=\"async\" width=\"250\" height=\"66\" src=\"https:\/\/svenskelektronik.se\/wp-content\/uploads\/2025\/06\/logo-1.png\" class=\"attachment-medium size-medium wp-post-image\" alt=\"\" \/>                                            <\/a>\n                \n                    \n                    <a class=\"carousel-item\"\n                       href=\"https:\/\/larmia.se\"\n                       target=\"_blank\"\n                       rel=\"noopener noreferrer\"\n                       aria-label=\"Larmia Control AB\">\n                \n                                                    <img loading=\"lazy\" decoding=\"async\" width=\"300\" height=\"67\" src=\"https:\/\/svenskelektronik.se\/wp-content\/uploads\/2025\/02\/Larmia-logo-white-300x67.png\" class=\"attachment-medium size-medium wp-post-image\" alt=\"\" srcset=\"https:\/\/svenskelektronik.se\/wp-content\/uploads\/2025\/02\/Larmia-logo-white-300x67.png 300w, https:\/\/svenskelektronik.se\/wp-content\/uploads\/2025\/02\/Larmia-logo-white.png 500w\" sizes=\"auto, (max-width: 300px) 100vw, 300px\" \/>                                            <\/a>\n                \n                    \n                    <a class=\"carousel-item\"\n                       href=\"https:\/\/www.scanfil.com\"\n                       target=\"_blank\"\n                       rel=\"noopener noreferrer\"\n                       aria-label=\"Scanfil AB Malm\u00f6\">\n                \n                                                    <img loading=\"lazy\" decoding=\"async\" width=\"300\" height=\"127\" src=\"https:\/\/svenskelektronik.se\/wp-content\/uploads\/2025\/06\/scanfil-ma-300x127.png\" class=\"attachment-medium size-medium wp-post-image\" alt=\"\" srcset=\"https:\/\/svenskelektronik.se\/wp-content\/uploads\/2025\/06\/scanfil-ma-300x127.png 300w, https:\/\/svenskelektronik.se\/wp-content\/uploads\/2025\/06\/scanfil-ma-768x325.png 768w, https:\/\/svenskelektronik.se\/wp-content\/uploads\/2025\/06\/scanfil-ma.png 790w\" sizes=\"auto, (max-width: 300px) 100vw, 300px\" \/>                                            <\/a>\n                \n                    \n                    <a class=\"carousel-item\"\n                       href=\"https:\/\/interflux-scandinavia.com\"\n                       target=\"_blank\"\n                       rel=\"noopener noreferrer\"\n                       aria-label=\"Interflux Skandinavia AB\">\n                \n                                                    <img loading=\"lazy\" decoding=\"async\" width=\"300\" height=\"76\" src=\"https:\/\/svenskelektronik.se\/wp-content\/uploads\/2025\/02\/interflux-electronics-logo-blue-300x76.png\" class=\"attachment-medium size-medium wp-post-image\" alt=\"\" srcset=\"https:\/\/svenskelektronik.se\/wp-content\/uploads\/2025\/02\/interflux-electronics-logo-blue-300x76.png 300w, https:\/\/svenskelektronik.se\/wp-content\/uploads\/2025\/02\/interflux-electronics-logo-blue-768x194.png 768w, https:\/\/svenskelektronik.se\/wp-content\/uploads\/2025\/02\/interflux-electronics-logo-blue.png 1000w\" sizes=\"auto, (max-width: 300px) 100vw, 300px\" \/>                                            <\/a>\n                \n                    \n                    <a class=\"carousel-item\"\n                       href=\"https:\/\/dametric.se\/\"\n                       target=\"_blank\"\n                       rel=\"noopener noreferrer\"\n                       aria-label=\"Dametric AB\">\n                \n                                                    <img loading=\"lazy\" decoding=\"async\" width=\"300\" height=\"58\" src=\"https:\/\/svenskelektronik.se\/wp-content\/uploads\/2024\/10\/dametric_col_light_bg_5000x965-300x58.png\" class=\"attachment-medium size-medium wp-post-image\" alt=\"\" srcset=\"https:\/\/svenskelektronik.se\/wp-content\/uploads\/2024\/10\/dametric_col_light_bg_5000x965-300x58.png 300w, https:\/\/svenskelektronik.se\/wp-content\/uploads\/2024\/10\/dametric_col_light_bg_5000x965-768x148.png 768w, https:\/\/svenskelektronik.se\/wp-content\/uploads\/2024\/10\/dametric_col_light_bg_5000x965.png 1000w\" sizes=\"auto, (max-width: 300px) 100vw, 300px\" \/>                                            <\/a>\n                \n                    \n                    <a class=\"carousel-item\"\n                       href=\"https:\/\/www.jeff.se\"\n                       target=\"_blank\"\n                       rel=\"noopener noreferrer\"\n                       aria-label=\"JEFF Electronics\">\n                \n                                                    <img loading=\"lazy\" decoding=\"async\" width=\"300\" height=\"278\" src=\"https:\/\/svenskelektronik.se\/wp-content\/uploads\/2025\/02\/Jeff-300x278.png\" class=\"attachment-medium size-medium wp-post-image\" alt=\"\" srcset=\"https:\/\/svenskelektronik.se\/wp-content\/uploads\/2025\/02\/Jeff-300x278.png 300w, https:\/\/svenskelektronik.se\/wp-content\/uploads\/2025\/02\/Jeff.png 500w\" sizes=\"auto, (max-width: 300px) 100vw, 300px\" \/>                                            <\/a>\n                \n                    \n                    <a class=\"carousel-item\"\n                       href=\"https:\/\/www.westermo.com\/se\"\n                       target=\"_blank\"\n                       rel=\"noopener noreferrer\"\n                       aria-label=\"Westermo\">\n                \n                                                    <img loading=\"lazy\" decoding=\"async\" width=\"300\" height=\"42\" src=\"https:\/\/svenskelektronik.se\/wp-content\/uploads\/2025\/04\/westermo-logo-color-300x42.png\" class=\"attachment-medium size-medium wp-post-image\" alt=\"\" srcset=\"https:\/\/svenskelektronik.se\/wp-content\/uploads\/2025\/04\/westermo-logo-color-300x42.png 300w, https:\/\/svenskelektronik.se\/wp-content\/uploads\/2025\/04\/westermo-logo-color-768x108.png 768w, https:\/\/svenskelektronik.se\/wp-content\/uploads\/2025\/04\/westermo-logo-color.png 1000w\" sizes=\"auto, (max-width: 300px) 100vw, 300px\" \/>                                            <\/a>\n                \n                    \n                    <a class=\"carousel-item\"\n                       href=\"https:\/\/www.calmon.se\/\"\n                       target=\"_blank\"\n                       rel=\"noopener noreferrer\"\n                       aria-label=\"Calmon Stegmotorteknik AB\">\n                \n                                                    <img loading=\"lazy\" decoding=\"async\" width=\"300\" height=\"88\" src=\"https:\/\/svenskelektronik.se\/wp-content\/uploads\/2024\/10\/Calmon_logga-300x88.png\" class=\"attachment-medium size-medium wp-post-image\" alt=\"\" srcset=\"https:\/\/svenskelektronik.se\/wp-content\/uploads\/2024\/10\/Calmon_logga-300x88.png 300w, https:\/\/svenskelektronik.se\/wp-content\/uploads\/2024\/10\/Calmon_logga.png 340w\" sizes=\"auto, (max-width: 300px) 100vw, 300px\" \/>                                            <\/a>\n                \n                    \n                    <a class=\"carousel-item\"\n                       href=\"https:\/\/www.electrokit.com\/\"\n                       target=\"_blank\"\n                       rel=\"noopener noreferrer\"\n                       aria-label=\"Electrokit Sweden AB\">\n                \n                                                    <img loading=\"lazy\" decoding=\"async\" width=\"300\" height=\"50\" src=\"https:\/\/svenskelektronik.se\/wp-content\/uploads\/2024\/11\/Unknown-5-300x50.png\" class=\"attachment-medium size-medium wp-post-image\" alt=\"\" srcset=\"https:\/\/svenskelektronik.se\/wp-content\/uploads\/2024\/11\/Unknown-5-300x50.png 300w, https:\/\/svenskelektronik.se\/wp-content\/uploads\/2024\/11\/Unknown-5.png 547w\" sizes=\"auto, (max-width: 300px) 100vw, 300px\" \/>                                            <\/a>\n                \n                    \n                    <a class=\"carousel-item\"\n                       href=\"https:\/\/hanza.com\/sv\/tillverkningskluster\/kluster-sverige\/hanza-electronics-arjang\/\"\n                       target=\"_blank\"\n                       rel=\"noopener noreferrer\"\n                       aria-label=\"HANZA Electronics \u00c5rj\u00e4ng\">\n                \n                                                    <img loading=\"lazy\" decoding=\"async\" width=\"300\" height=\"77\" src=\"https:\/\/svenskelektronik.se\/wp-content\/uploads\/2025\/02\/hanza-logo-purple-1-300x77.png\" class=\"attachment-medium size-medium wp-post-image\" alt=\"\" srcset=\"https:\/\/svenskelektronik.se\/wp-content\/uploads\/2025\/02\/hanza-logo-purple-1-300x77.png 300w, https:\/\/svenskelektronik.se\/wp-content\/uploads\/2025\/02\/hanza-logo-purple-1.png 612w\" sizes=\"auto, (max-width: 300px) 100vw, 300px\" \/>                                            <\/a>\n                \n                    \n                    <a class=\"carousel-item\"\n                       href=\"https:\/\/www.actesolutions.se\"\n                       target=\"_blank\"\n                       rel=\"noopener noreferrer\"\n                       aria-label=\"ACTE Solutions AB\">\n                \n                                                    <img loading=\"lazy\" decoding=\"async\" width=\"202\" height=\"57\" src=\"https:\/\/svenskelektronik.se\/wp-content\/uploads\/2024\/05\/acte_solutions-logo_h.png\" class=\"attachment-medium size-medium wp-post-image\" alt=\"\" \/>                                            <\/a>\n                \n                    \n                    <a class=\"carousel-item\"\n                       href=\"https:\/\/svenskelektronik.se\/en\/medlemmar\/wg-konsult-ab\/\"\n                       target=\"_blank\"\n                       rel=\"noopener noreferrer\"\n                       aria-label=\"W&amp;G Konsult AB\">\n                \n                                                    <img loading=\"lazy\" decoding=\"async\" width=\"296\" height=\"300\" src=\"https:\/\/svenskelektronik.se\/wp-content\/uploads\/2025\/02\/WoG-logo-2-296x300.png\" class=\"attachment-medium size-medium wp-post-image\" alt=\"\" srcset=\"https:\/\/svenskelektronik.se\/wp-content\/uploads\/2025\/02\/WoG-logo-2-296x300.png 296w, https:\/\/svenskelektronik.se\/wp-content\/uploads\/2025\/02\/WoG-logo-2-1011x1024.png 1011w, https:\/\/svenskelektronik.se\/wp-content\/uploads\/2025\/02\/WoG-logo-2-768x778.png 768w, https:\/\/svenskelektronik.se\/wp-content\/uploads\/2025\/02\/WoG-logo-2.png 1049w\" sizes=\"auto, (max-width: 296px) 100vw, 296px\" \/>                                            <\/a>\n                \n                    \n                    <a class=\"carousel-item\"\n                       href=\"https:\/\/www.provideu.com\"\n                       target=\"_blank\"\n                       rel=\"noopener noreferrer\"\n                       aria-label=\"Provideu Electronics AB\">\n                \n                                                    <img loading=\"lazy\" decoding=\"async\" width=\"300\" height=\"79\" src=\"https:\/\/svenskelektronik.se\/wp-content\/uploads\/2025\/06\/ProvideUComponentsAssembly_white_logotyp-300x79.png\" class=\"attachment-medium size-medium wp-post-image\" alt=\"\" srcset=\"https:\/\/svenskelektronik.se\/wp-content\/uploads\/2025\/06\/ProvideUComponentsAssembly_white_logotyp-300x79.png 300w, https:\/\/svenskelektronik.se\/wp-content\/uploads\/2025\/06\/ProvideUComponentsAssembly_white_logotyp-1024x270.png 1024w, https:\/\/svenskelektronik.se\/wp-content\/uploads\/2025\/06\/ProvideUComponentsAssembly_white_logotyp-768x202.png 768w, https:\/\/svenskelektronik.se\/wp-content\/uploads\/2025\/06\/ProvideUComponentsAssembly_white_logotyp-1536x405.png 1536w, https:\/\/svenskelektronik.se\/wp-content\/uploads\/2025\/06\/ProvideUComponentsAssembly_white_logotyp-2048x540.png 2048w, https:\/\/svenskelektronik.se\/wp-content\/uploads\/2025\/06\/ProvideUComponentsAssembly_white_logotyp-1920x506.png 1920w\" sizes=\"auto, (max-width: 300px) 100vw, 300px\" \/>                                            <\/a>\n                \n                    \n                    <a class=\"carousel-item\"\n                       href=\"https:\/\/utilities.trimble.com\/sv-se\/\"\n                       target=\"_blank\"\n                       rel=\"noopener noreferrer\"\n                       aria-label=\"Trimble AB\">\n                \n                                                    <img loading=\"lazy\" decoding=\"async\" width=\"300\" height=\"69\" src=\"https:\/\/svenskelektronik.se\/wp-content\/uploads\/2025\/02\/TrimbleR-Horiz-RGB-_White-300x69.png\" class=\"attachment-medium size-medium wp-post-image\" alt=\"\" srcset=\"https:\/\/svenskelektronik.se\/wp-content\/uploads\/2025\/02\/TrimbleR-Horiz-RGB-_White-300x69.png 300w, https:\/\/svenskelektronik.se\/wp-content\/uploads\/2025\/02\/TrimbleR-Horiz-RGB-_White.png 500w\" sizes=\"auto, (max-width: 300px) 100vw, 300px\" \/>                                            <\/a>\n                \n                    \n                    <a class=\"carousel-item\"\n                       href=\"https:\/\/www.tjeders.se\"\n                       target=\"_blank\"\n                       rel=\"noopener noreferrer\"\n                       aria-label=\"Tjeders Industri AB\">\n                \n                                                    <img loading=\"lazy\" decoding=\"async\" width=\"300\" height=\"55\" src=\"https:\/\/svenskelektronik.se\/wp-content\/uploads\/2025\/02\/tjeders-logo-300x55.png\" class=\"attachment-medium size-medium wp-post-image\" alt=\"\" srcset=\"https:\/\/svenskelektronik.se\/wp-content\/uploads\/2025\/02\/tjeders-logo-300x55.png 300w, https:\/\/svenskelektronik.se\/wp-content\/uploads\/2025\/02\/tjeders-logo.png 500w\" sizes=\"auto, (max-width: 300px) 100vw, 300px\" \/>                                            <\/a>\n                \n                    \n                    <a class=\"carousel-item\"\n                       href=\"https:\/\/www.elgab.se\"\n                       target=\"_blank\"\n                       rel=\"noopener noreferrer\"\n                       aria-label=\"Elgab L-G Johansson AB\">\n                \n                                                    <img loading=\"lazy\" decoding=\"async\" width=\"200\" height=\"56\" src=\"https:\/\/svenskelektronik.se\/wp-content\/uploads\/2024\/11\/logga.jpg\" class=\"attachment-medium size-medium wp-post-image\" alt=\"\" \/>                                            <\/a>\n                \n                    \n                    <a class=\"carousel-item\"\n                       href=\"https:\/\/legotronic.se\"\n                       target=\"_blank\"\n                       rel=\"noopener noreferrer\"\n                       aria-label=\"Legotronic AB\">\n                \n                                                    <img loading=\"lazy\" decoding=\"async\" width=\"300\" height=\"100\" src=\"https:\/\/svenskelektronik.se\/wp-content\/uploads\/2025\/02\/LEGOTRONIC-300x100.png\" class=\"attachment-medium size-medium wp-post-image\" alt=\"\" srcset=\"https:\/\/svenskelektronik.se\/wp-content\/uploads\/2025\/02\/LEGOTRONIC-300x100.png 300w, https:\/\/svenskelektronik.se\/wp-content\/uploads\/2025\/02\/LEGOTRONIC-1024x340.png 1024w, https:\/\/svenskelektronik.se\/wp-content\/uploads\/2025\/02\/LEGOTRONIC-768x255.png 768w, https:\/\/svenskelektronik.se\/wp-content\/uploads\/2025\/02\/LEGOTRONIC-1536x510.png 1536w, https:\/\/svenskelektronik.se\/wp-content\/uploads\/2025\/02\/LEGOTRONIC.png 1706w\" sizes=\"auto, (max-width: 300px) 100vw, 300px\" \/>                                            <\/a>\n                \n                    \n                    <a class=\"carousel-item\"\n                       href=\"https:\/\/www.lintron.com\"\n                       target=\"_blank\"\n                       rel=\"noopener noreferrer\"\n                       aria-label=\"Lintron Technologies AB\">\n                \n                                                    <img loading=\"lazy\" decoding=\"async\" width=\"170\" height=\"66\" src=\"https:\/\/svenskelektronik.se\/wp-content\/uploads\/2025\/02\/Lintron.png\" class=\"attachment-medium size-medium wp-post-image\" alt=\"\" \/>                                            <\/a>\n                \n                    \n                    <a class=\"carousel-item\"\n                       href=\"https:\/\/www.bab.se\/\"\n                       target=\"_blank\"\n                       rel=\"noopener noreferrer\"\n                       aria-label=\"BAB Elektronik AB\">\n                \n                                                    <img loading=\"lazy\" decoding=\"async\" width=\"210\" height=\"39\" src=\"https:\/\/svenskelektronik.se\/wp-content\/uploads\/2024\/10\/bab_logo_50px.png\" class=\"attachment-medium size-medium wp-post-image\" alt=\"\" \/>                                            <\/a>\n                \n                    \n                    <a class=\"carousel-item\"\n                       href=\"https:\/\/www.uu.se\"\n                       target=\"_blank\"\n                       rel=\"noopener noreferrer\"\n                       aria-label=\"Uppsala Universitet\">\n                \n                                                    <img loading=\"lazy\" decoding=\"async\" width=\"300\" height=\"216\" src=\"https:\/\/svenskelektronik.se\/wp-content\/uploads\/2025\/06\/uppsala-300x216.png\" class=\"attachment-medium size-medium wp-post-image\" alt=\"\" srcset=\"https:\/\/svenskelektronik.se\/wp-content\/uploads\/2025\/06\/uppsala-300x216.png 300w, https:\/\/svenskelektronik.se\/wp-content\/uploads\/2025\/06\/uppsala-768x553.png 768w, https:\/\/svenskelektronik.se\/wp-content\/uploads\/2025\/06\/uppsala.png 1000w\" sizes=\"auto, (max-width: 300px) 100vw, 300px\" \/>                                            <\/a>\n                \n                    \n                    <a class=\"carousel-item\"\n                       href=\"https:\/\/www.codiax.se\/\"\n                       target=\"_blank\"\n                       rel=\"noopener noreferrer\"\n                       aria-label=\"Codiax Sweden AB\">\n                \n                                                    <img loading=\"lazy\" decoding=\"async\" width=\"300\" height=\"74\" src=\"https:\/\/svenskelektronik.se\/wp-content\/uploads\/2024\/10\/codiax-logo-1.png-300x74.webp\" class=\"attachment-medium size-medium wp-post-image\" alt=\"\" srcset=\"https:\/\/svenskelektronik.se\/wp-content\/uploads\/2024\/10\/codiax-logo-1.png-300x74.webp 300w, https:\/\/svenskelektronik.se\/wp-content\/uploads\/2024\/10\/codiax-logo-1.png.webp 580w\" sizes=\"auto, (max-width: 300px) 100vw, 300px\" \/>                                            <\/a>\n                \n                    \n                    <a class=\"carousel-item\"\n                       href=\"https:\/\/odu-connectors.com\/sv\/\"\n                       target=\"_blank\"\n                       rel=\"noopener noreferrer\"\n                       aria-label=\"ODU Scandinavia AB\">\n                \n                                                    <img loading=\"lazy\" decoding=\"async\" width=\"300\" height=\"185\" src=\"https:\/\/svenskelektronik.se\/wp-content\/uploads\/2025\/02\/odu-logga-300x185.png\" class=\"attachment-medium size-medium wp-post-image\" alt=\"\" srcset=\"https:\/\/svenskelektronik.se\/wp-content\/uploads\/2025\/02\/odu-logga-300x185.png 300w, https:\/\/svenskelektronik.se\/wp-content\/uploads\/2025\/02\/odu-logga.png 683w\" sizes=\"auto, (max-width: 300px) 100vw, 300px\" \/>                                            <\/a>\n                \n                    \n                    <a class=\"carousel-item\"\n                       href=\"https:\/\/svenskelektronik.se\/en\/medlemmar\/kth-ices\/\"\n                       target=\"_blank\"\n                       rel=\"noopener noreferrer\"\n                       aria-label=\"KTH ICES\">\n                \n                                                    <img loading=\"lazy\" decoding=\"async\" width=\"300\" height=\"106\" src=\"https:\/\/svenskelektronik.se\/wp-content\/uploads\/2025\/02\/ices_logo_transp-300x106.png\" class=\"attachment-medium size-medium wp-post-image\" alt=\"\" srcset=\"https:\/\/svenskelektronik.se\/wp-content\/uploads\/2025\/02\/ices_logo_transp-300x106.png 300w, https:\/\/svenskelektronik.se\/wp-content\/uploads\/2025\/02\/ices_logo_transp.png 479w\" sizes=\"auto, (max-width: 300px) 100vw, 300px\" \/>                                            <\/a>\n                \n                    \n                    <a class=\"carousel-item\"\n                       href=\"https:\/\/svenskelektronik.se\/en\/medlemmar\/lh4pi-microsense-ab\/\"\n                       target=\"_blank\"\n                       rel=\"noopener noreferrer\"\n                       aria-label=\"LH4PI Microsense AB\">\n                \n                                                    <img loading=\"lazy\" decoding=\"async\" width=\"213\" height=\"88\" src=\"https:\/\/svenskelektronik.se\/wp-content\/uploads\/2025\/02\/3D-Logo-LH4PI-213x88-1.png\" class=\"attachment-medium size-medium wp-post-image\" alt=\"\" \/>                                            <\/a>\n                \n                    \n                    <a class=\"carousel-item\"\n                       href=\"https:\/\/elmetric.se\"\n                       target=\"_blank\"\n                       rel=\"noopener noreferrer\"\n                       aria-label=\"Elmetric\">\n                \n                                                    <img loading=\"lazy\" decoding=\"async\" width=\"300\" height=\"72\" src=\"https:\/\/svenskelektronik.se\/wp-content\/uploads\/2025\/06\/elmetric-300x72.png\" class=\"attachment-medium size-medium wp-post-image\" alt=\"\" srcset=\"https:\/\/svenskelektronik.se\/wp-content\/uploads\/2025\/06\/elmetric-300x72.png 300w, https:\/\/svenskelektronik.se\/wp-content\/uploads\/2025\/06\/elmetric.png 490w\" sizes=\"auto, (max-width: 300px) 100vw, 300px\" \/>                                            <\/a>\n                \n                    \n                    <a class=\"carousel-item\"\n                       href=\"https:\/\/www.univertron.com\"\n                       target=\"_blank\"\n                       rel=\"noopener noreferrer\"\n                       aria-label=\"Univertron AB\">\n                \n                                                    <img loading=\"lazy\" decoding=\"async\" width=\"300\" height=\"91\" src=\"https:\/\/svenskelektronik.se\/wp-content\/uploads\/2025\/06\/UnivertronLogo-300x91.png\" class=\"attachment-medium size-medium wp-post-image\" alt=\"\" srcset=\"https:\/\/svenskelektronik.se\/wp-content\/uploads\/2025\/06\/UnivertronLogo-300x91.png 300w, https:\/\/svenskelektronik.se\/wp-content\/uploads\/2025\/06\/UnivertronLogo.png 497w\" sizes=\"auto, (max-width: 300px) 100vw, 300px\" \/>                                            <\/a>\n                \n                    \n                    <a class=\"carousel-item\"\n                       href=\"https:\/\/www.megger.com\/en\"\n                       target=\"_blank\"\n                       rel=\"noopener noreferrer\"\n                       aria-label=\"Megger Sweden AB\">\n                \n                                                    <img loading=\"lazy\" decoding=\"async\" width=\"300\" height=\"82\" src=\"https:\/\/svenskelektronik.se\/wp-content\/uploads\/2025\/02\/megger-logo-ma-300x82.png\" class=\"attachment-medium size-medium wp-post-image\" alt=\"\" srcset=\"https:\/\/svenskelektronik.se\/wp-content\/uploads\/2025\/02\/megger-logo-ma-300x82.png 300w, https:\/\/svenskelektronik.se\/wp-content\/uploads\/2025\/02\/megger-logo-ma.png 539w\" sizes=\"auto, (max-width: 300px) 100vw, 300px\" \/>                                            <\/a>\n                \n                    \n                    <a class=\"carousel-item\"\n                       href=\"https:\/\/jfab.se\/\"\n                       target=\"_blank\"\n                       rel=\"noopener noreferrer\"\n                       aria-label=\"JFAB-CENMATIC AB\">\n                \n                                                    <img loading=\"lazy\" decoding=\"async\" width=\"300\" height=\"62\" src=\"https:\/\/svenskelektronik.se\/wp-content\/uploads\/2025\/02\/JFAB-logga-700-8-300x62.png\" class=\"attachment-medium size-medium wp-post-image\" alt=\"\" srcset=\"https:\/\/svenskelektronik.se\/wp-content\/uploads\/2025\/02\/JFAB-logga-700-8-300x62.png 300w, https:\/\/svenskelektronik.se\/wp-content\/uploads\/2025\/02\/JFAB-logga-700-8.png 700w\" sizes=\"auto, (max-width: 300px) 100vw, 300px\" \/>                                            <\/a>\n                \n                    \n                    <a class=\"carousel-item\"\n                       href=\"https:\/\/www.harting.com\/en-SE\"\n                       target=\"_blank\"\n                       rel=\"noopener noreferrer\"\n                       aria-label=\"Harting AB\">\n                \n                                                    <img loading=\"lazy\" decoding=\"async\" width=\"300\" height=\"292\" src=\"https:\/\/svenskelektronik.se\/wp-content\/uploads\/2025\/02\/Harting-Logo.svg_-300x292.png\" class=\"attachment-medium size-medium wp-post-image\" alt=\"\" srcset=\"https:\/\/svenskelektronik.se\/wp-content\/uploads\/2025\/02\/Harting-Logo.svg_-300x292.png 300w, https:\/\/svenskelektronik.se\/wp-content\/uploads\/2025\/02\/Harting-Logo.svg_-1024x998.png 1024w, https:\/\/svenskelektronik.se\/wp-content\/uploads\/2025\/02\/Harting-Logo.svg_-768x748.png 768w, https:\/\/svenskelektronik.se\/wp-content\/uploads\/2025\/02\/Harting-Logo.svg_.png 1051w\" sizes=\"auto, (max-width: 300px) 100vw, 300px\" \/>                                            <\/a>\n                \n                    \n                    <a class=\"carousel-item\"\n                       href=\"https:\/\/www.volvoce.com\/sverige\/sv-se\/\"\n                       target=\"_blank\"\n                       rel=\"noopener noreferrer\"\n                       aria-label=\"Volvo Construction Equipment\">\n                \n                                                    <img loading=\"lazy\" decoding=\"async\" width=\"240\" height=\"46\" src=\"https:\/\/svenskelektronik.se\/wp-content\/uploads\/2025\/04\/volvoce-logo-new.png-e1745498699327.webp\" class=\"attachment-medium size-medium wp-post-image\" alt=\"\" \/>                                            <\/a>\n                \n                    \n                    <a class=\"carousel-item\"\n                       href=\"https:\/\/svenskelektronik.se\/en\/medlemmar\/membrane-switch-ab\/\"\n                       target=\"_blank\"\n                       rel=\"noopener noreferrer\"\n                       aria-label=\"Membrane Switch AB\">\n                \n                                                    <h3>Membrane Switch AB<\/h3>\n                                            <\/a>\n                \n                    \n                    <a class=\"carousel-item\"\n                       href=\"https:\/\/www.ttieurope.com\/\"\n                       target=\"_blank\"\n                       rel=\"noopener noreferrer\"\n                       aria-label=\"TTI electronics nordic ab\">\n                \n                                                    <img loading=\"lazy\" decoding=\"async\" width=\"300\" height=\"124\" src=\"https:\/\/svenskelektronik.se\/wp-content\/uploads\/2025\/06\/TTI_IPE_logo_RGB.6650a275d6c56-300x124.png\" class=\"attachment-medium size-medium wp-post-image\" alt=\"\" srcset=\"https:\/\/svenskelektronik.se\/wp-content\/uploads\/2025\/06\/TTI_IPE_logo_RGB.6650a275d6c56-300x124.png 300w, https:\/\/svenskelektronik.se\/wp-content\/uploads\/2025\/06\/TTI_IPE_logo_RGB.6650a275d6c56-1024x425.png 1024w, https:\/\/svenskelektronik.se\/wp-content\/uploads\/2025\/06\/TTI_IPE_logo_RGB.6650a275d6c56-768x319.png 768w, https:\/\/svenskelektronik.se\/wp-content\/uploads\/2025\/06\/TTI_IPE_logo_RGB.6650a275d6c56.png 1155w\" sizes=\"auto, (max-width: 300px) 100vw, 300px\" \/>                                            <\/a>\n                \n                    \n                    <a class=\"carousel-item\"\n                       href=\"https:\/\/comptronic.se\/\"\n                       target=\"_blank\"\n                       rel=\"noopener noreferrer\"\n                       aria-label=\"Comptronic AB\">\n                \n                                                    <img loading=\"lazy\" decoding=\"async\" width=\"300\" height=\"98\" src=\"https:\/\/svenskelektronik.se\/wp-content\/uploads\/2024\/10\/comptronic-300x98.png\" class=\"attachment-medium size-medium wp-post-image\" alt=\"\" srcset=\"https:\/\/svenskelektronik.se\/wp-content\/uploads\/2024\/10\/comptronic-300x98.png 300w, https:\/\/svenskelektronik.se\/wp-content\/uploads\/2024\/10\/comptronic-768x252.png 768w, https:\/\/svenskelektronik.se\/wp-content\/uploads\/2024\/10\/comptronic.png 916w\" sizes=\"auto, (max-width: 300px) 100vw, 300px\" \/>                                            <\/a>\n                \n                    \n                    <a class=\"carousel-item\"\n                       href=\"https:\/\/wires.se\"\n                       target=\"_blank\"\n                       rel=\"noopener noreferrer\"\n                       aria-label=\"More Wires AB\">\n                \n                                                    <img loading=\"lazy\" decoding=\"async\" width=\"300\" height=\"65\" src=\"https:\/\/svenskelektronik.se\/wp-content\/uploads\/2025\/06\/more-wires-300x65.png\" class=\"attachment-medium size-medium wp-post-image\" alt=\"\" srcset=\"https:\/\/svenskelektronik.se\/wp-content\/uploads\/2025\/06\/more-wires-300x65.png 300w, https:\/\/svenskelektronik.se\/wp-content\/uploads\/2025\/06\/more-wires-1024x222.png 1024w, https:\/\/svenskelektronik.se\/wp-content\/uploads\/2025\/06\/more-wires-768x166.png 768w, https:\/\/svenskelektronik.se\/wp-content\/uploads\/2025\/06\/more-wires.png 1500w\" sizes=\"auto, (max-width: 300px) 100vw, 300px\" \/>                                            <\/a>\n                \n                    \n                    <a class=\"carousel-item\"\n                       href=\"https:\/\/www.fineline-global.com\/sv\/\"\n                       target=\"_blank\"\n                       rel=\"noopener noreferrer\"\n                       aria-label=\"Fineline Nordic AB\">\n                \n                                                    <img loading=\"lazy\" decoding=\"async\" width=\"300\" height=\"115\" src=\"https:\/\/svenskelektronik.se\/wp-content\/uploads\/2025\/02\/LOGO-FINELINE-Defining-Excellence_FINELINE-LOGO-NEW-1_FINELINE-LOGO-NEW-WHITE-300x115.png\" class=\"attachment-medium size-medium wp-post-image\" alt=\"\" srcset=\"https:\/\/svenskelektronik.se\/wp-content\/uploads\/2025\/02\/LOGO-FINELINE-Defining-Excellence_FINELINE-LOGO-NEW-1_FINELINE-LOGO-NEW-WHITE-300x115.png 300w, https:\/\/svenskelektronik.se\/wp-content\/uploads\/2025\/02\/LOGO-FINELINE-Defining-Excellence_FINELINE-LOGO-NEW-1_FINELINE-LOGO-NEW-WHITE.png 588w\" sizes=\"auto, (max-width: 300px) 100vw, 300px\" \/>                                            <\/a>\n                \n                    \n                    <a class=\"carousel-item\"\n                       href=\"https:\/\/www.bejoken.se\/\"\n                       target=\"_blank\"\n                       rel=\"noopener noreferrer\"\n                       aria-label=\"Bejoken AB\">\n                \n                                                    <img loading=\"lazy\" decoding=\"async\" width=\"300\" height=\"58\" src=\"https:\/\/svenskelektronik.se\/wp-content\/uploads\/2024\/10\/Bejoken-logo-300x58.png\" class=\"attachment-medium size-medium wp-post-image\" alt=\"\" srcset=\"https:\/\/svenskelektronik.se\/wp-content\/uploads\/2024\/10\/Bejoken-logo-300x58.png 300w, https:\/\/svenskelektronik.se\/wp-content\/uploads\/2024\/10\/Bejoken-logo-1024x196.png 1024w, https:\/\/svenskelektronik.se\/wp-content\/uploads\/2024\/10\/Bejoken-logo-768x147.png 768w, https:\/\/svenskelektronik.se\/wp-content\/uploads\/2024\/10\/Bejoken-logo-1536x295.png 1536w, https:\/\/svenskelektronik.se\/wp-content\/uploads\/2024\/10\/Bejoken-logo.png 1564w\" sizes=\"auto, (max-width: 300px) 100vw, 300px\" \/>                                            <\/a>\n                \n                    \n                    <a class=\"carousel-item\"\n                       href=\"https:\/\/www.lemo.com\/\"\n                       target=\"_blank\"\n                       rel=\"noopener noreferrer\"\n                       aria-label=\"LEMO Nordic AB\">\n                \n                                                    <img loading=\"lazy\" decoding=\"async\" width=\"300\" height=\"60\" src=\"https:\/\/svenskelektronik.se\/wp-content\/uploads\/2025\/02\/lemo-300x60.png\" class=\"attachment-medium size-medium wp-post-image\" alt=\"\" srcset=\"https:\/\/svenskelektronik.se\/wp-content\/uploads\/2025\/02\/lemo-300x60.png 300w, https:\/\/svenskelektronik.se\/wp-content\/uploads\/2025\/02\/lemo.png 500w\" sizes=\"auto, (max-width: 300px) 100vw, 300px\" \/>                                            <\/a>\n                \n                    \n                    <a class=\"carousel-item\"\n                       href=\"https:\/\/www.tvarit.se\/\"\n                       target=\"_blank\"\n                       rel=\"noopener noreferrer\"\n                       aria-label=\"Tv\u00e5 Ritare CAD AB\">\n                \n                                                    <img loading=\"lazy\" decoding=\"async\" width=\"300\" height=\"44\" src=\"https:\/\/svenskelektronik.se\/wp-content\/uploads\/2025\/06\/tvaritare-300x44.png\" class=\"attachment-medium size-medium wp-post-image\" alt=\"\" srcset=\"https:\/\/svenskelektronik.se\/wp-content\/uploads\/2025\/06\/tvaritare-300x44.png 300w, https:\/\/svenskelektronik.se\/wp-content\/uploads\/2025\/06\/tvaritare-1024x149.png 1024w, https:\/\/svenskelektronik.se\/wp-content\/uploads\/2025\/06\/tvaritare-768x112.png 768w, https:\/\/svenskelektronik.se\/wp-content\/uploads\/2025\/06\/tvaritare.png 1370w\" sizes=\"auto, (max-width: 300px) 100vw, 300px\" \/>                                            <\/a>\n                \n                    \n                    <a class=\"carousel-item\"\n                       href=\"https:\/\/imtab.se\"\n                       target=\"_blank\"\n                       rel=\"noopener noreferrer\"\n                       aria-label=\"Industriservice Milj\u00f6 &amp; Teknik AB\">\n                \n                                                    <img loading=\"lazy\" decoding=\"async\" width=\"300\" height=\"72\" src=\"https:\/\/svenskelektronik.se\/wp-content\/uploads\/2025\/06\/industriservice-logo.png\" class=\"attachment-medium size-medium wp-post-image\" alt=\"\" \/>                                            <\/a>\n                \n                    \n                    <a class=\"carousel-item\"\n                       href=\"https:\/\/svenskelektronik.se\/en\/medlemmar\/el-welen-ab\/\"\n                       target=\"_blank\"\n                       rel=\"noopener noreferrer\"\n                       aria-label=\"El-Wel\u00e9n AB\">\n                \n                                                    <h3>El-Wel\u00e9n AB<\/h3>\n                                            <\/a>\n                \n                    \n                    <a class=\"carousel-item\"\n                       href=\"https:\/\/www.cad-resurs.se\/\"\n                       target=\"_blank\"\n                       rel=\"noopener noreferrer\"\n                       aria-label=\"CAD-Resurs AB\">\n                \n                                                    <img loading=\"lazy\" decoding=\"async\" width=\"300\" height=\"175\" src=\"https:\/\/svenskelektronik.se\/wp-content\/uploads\/2024\/10\/CAD-resurs_logo-300x175.png\" class=\"attachment-medium size-medium wp-post-image\" alt=\"\" srcset=\"https:\/\/svenskelektronik.se\/wp-content\/uploads\/2024\/10\/CAD-resurs_logo-300x175.png 300w, https:\/\/svenskelektronik.se\/wp-content\/uploads\/2024\/10\/CAD-resurs_logo.png 730w\" sizes=\"auto, (max-width: 300px) 100vw, 300px\" \/>                                            <\/a>\n                \n                    \n                    <a class=\"carousel-item\"\n                       href=\"https:\/\/www.inresonance.se\/\"\n                       target=\"_blank\"\n                       rel=\"noopener noreferrer\"\n                       aria-label=\"inResonance AB\">\n                \n                                                    <img loading=\"lazy\" decoding=\"async\" width=\"300\" height=\"59\" src=\"https:\/\/svenskelektronik.se\/wp-content\/uploads\/2025\/02\/inresonance-main-logo-300x59.png\" class=\"attachment-medium size-medium wp-post-image\" alt=\"\" srcset=\"https:\/\/svenskelektronik.se\/wp-content\/uploads\/2025\/02\/inresonance-main-logo-300x59.png 300w, https:\/\/svenskelektronik.se\/wp-content\/uploads\/2025\/02\/inresonance-main-logo-1024x202.png 1024w, https:\/\/svenskelektronik.se\/wp-content\/uploads\/2025\/02\/inresonance-main-logo-768x152.png 768w, https:\/\/svenskelektronik.se\/wp-content\/uploads\/2025\/02\/inresonance-main-logo-1536x303.png 1536w, https:\/\/svenskelektronik.se\/wp-content\/uploads\/2025\/02\/inresonance-main-logo.png 1900w\" sizes=\"auto, (max-width: 300px) 100vw, 300px\" \/>                                            <\/a>\n                \n                    \n                    <a class=\"carousel-item\"\n                       href=\"https:\/\/www.cadint.se\/\"\n                       target=\"_blank\"\n                       rel=\"noopener noreferrer\"\n                       aria-label=\"CADint\">\n                \n                                                    <img loading=\"lazy\" decoding=\"async\" width=\"300\" height=\"108\" src=\"https:\/\/svenskelektronik.se\/wp-content\/uploads\/2025\/04\/cadint-changes-jan-2024-1-300x180-1-300x108.png\" class=\"attachment-medium size-medium wp-post-image\" alt=\"\" srcset=\"https:\/\/svenskelektronik.se\/wp-content\/uploads\/2025\/04\/cadint-changes-jan-2024-1-300x180-1-300x108.png 300w, https:\/\/svenskelektronik.se\/wp-content\/uploads\/2025\/04\/cadint-changes-jan-2024-1-300x180-1.png 600w\" sizes=\"auto, (max-width: 300px) 100vw, 300px\" \/>                                            <\/a>\n                \n                    \n                    <a class=\"carousel-item\"\n                       href=\"https:\/\/svenskelektronik.se\/en\/medlemmar\/kukui-ab\/\"\n                       target=\"_blank\"\n                       rel=\"noopener noreferrer\"\n                       aria-label=\"Kukui AB\">\n                \n                                                    <h3>Kukui AB<\/h3>\n                                            <\/a>\n                \n                    \n                    <a class=\"carousel-item\"\n                       href=\"https:\/\/www.embeddedartists.com\"\n                       target=\"_blank\"\n                       rel=\"noopener noreferrer\"\n                       aria-label=\"Embedded Artists\">\n                \n                                                    <img loading=\"lazy\" decoding=\"async\" width=\"285\" height=\"110\" src=\"https:\/\/svenskelektronik.se\/wp-content\/uploads\/2024\/11\/embedded-artists-normal.png\" class=\"attachment-medium size-medium wp-post-image\" alt=\"\" \/>                                            <\/a>\n                \n                    \n                    <a class=\"carousel-item\"\n                       href=\"https:\/\/www.phoenixcontact.com\/sv-se\/\"\n                       target=\"_blank\"\n                       rel=\"noopener noreferrer\"\n                       aria-label=\"Phoenix Contact AB\">\n                \n                                                    <img loading=\"lazy\" decoding=\"async\" width=\"300\" height=\"70\" src=\"https:\/\/svenskelektronik.se\/wp-content\/uploads\/2025\/02\/signal-chain-300x70.png\" class=\"attachment-medium size-medium wp-post-image\" alt=\"\" srcset=\"https:\/\/svenskelektronik.se\/wp-content\/uploads\/2025\/02\/signal-chain-300x70.png 300w, https:\/\/svenskelektronik.se\/wp-content\/uploads\/2025\/02\/signal-chain.png 392w\" sizes=\"auto, (max-width: 300px) 100vw, 300px\" \/>                                            <\/a>\n                \n                    \n                    <a class=\"carousel-item\"\n                       href=\"https:\/\/se.rs-online.com\/web\/\"\n                       target=\"_blank\"\n                       rel=\"noopener noreferrer\"\n                       aria-label=\"RS Components AB\">\n                \n                                                    <img loading=\"lazy\" decoding=\"async\" width=\"225\" height=\"225\" src=\"https:\/\/svenskelektronik.se\/wp-content\/uploads\/2025\/02\/Unknown.png\" class=\"attachment-medium size-medium wp-post-image\" alt=\"\" srcset=\"https:\/\/svenskelektronik.se\/wp-content\/uploads\/2025\/02\/Unknown.png 225w, https:\/\/svenskelektronik.se\/wp-content\/uploads\/2025\/02\/Unknown-150x150.png 150w\" sizes=\"auto, (max-width: 225px) 100vw, 225px\" \/>                                            <\/a>\n                \n                    \n                    <a class=\"carousel-item\"\n                       href=\"https:\/\/www.chip-circuit.com\/\"\n                       target=\"_blank\"\n                       rel=\"noopener noreferrer\"\n                       aria-label=\"Chip &amp; Circuit AB\">\n                \n                                                    <img loading=\"lazy\" decoding=\"async\" width=\"300\" height=\"118\" src=\"https:\/\/svenskelektronik.se\/wp-content\/uploads\/2024\/10\/chip_circuit-300x118.png\" class=\"attachment-medium size-medium wp-post-image\" alt=\"\" srcset=\"https:\/\/svenskelektronik.se\/wp-content\/uploads\/2024\/10\/chip_circuit-300x118.png 300w, https:\/\/svenskelektronik.se\/wp-content\/uploads\/2024\/10\/chip_circuit.png 509w\" sizes=\"auto, (max-width: 300px) 100vw, 300px\" \/>                                            <\/a>\n                \n                    \n                    <a class=\"carousel-item\"\n                       href=\"https:\/\/paemilson.com\/\"\n                       target=\"_blank\"\n                       rel=\"noopener noreferrer\"\n                       aria-label=\"P-A Emilson Trading AB\">\n                \n                                                    <img loading=\"lazy\" decoding=\"async\" width=\"300\" height=\"60\" src=\"https:\/\/svenskelektronik.se\/wp-content\/uploads\/2025\/02\/LOGO_PAE-1-300x60.png\" class=\"attachment-medium size-medium wp-post-image\" alt=\"\" srcset=\"https:\/\/svenskelektronik.se\/wp-content\/uploads\/2025\/02\/LOGO_PAE-1-300x60.png 300w, https:\/\/svenskelektronik.se\/wp-content\/uploads\/2025\/02\/LOGO_PAE-1.png 509w\" sizes=\"auto, (max-width: 300px) 100vw, 300px\" \/>                                            <\/a>\n                \n                    \n                    <a class=\"carousel-item\"\n                       href=\"https:\/\/www.cnrood.com\"\n                       target=\"_blank\"\n                       rel=\"noopener noreferrer\"\n                       aria-label=\"CN Rood Nordics AB\">\n                \n                                                    <img loading=\"lazy\" decoding=\"async\" width=\"132\" height=\"43\" src=\"https:\/\/svenskelektronik.se\/wp-content\/uploads\/2024\/10\/C.N.png\" class=\"attachment-medium size-medium wp-post-image\" alt=\"\" \/>                                            <\/a>\n                \n                    \n                    <a class=\"carousel-item\"\n                       href=\"https:\/\/www.rocelec.com\"\n                       target=\"_blank\"\n                       rel=\"noopener noreferrer\"\n                       aria-label=\"Rochester Electronics, LTD &#8211; Swedish Filial\">\n                \n                                                    <img loading=\"lazy\" decoding=\"async\" width=\"300\" height=\"102\" src=\"https:\/\/svenskelektronik.se\/wp-content\/uploads\/2025\/06\/MCF3J76KZHMFAHNM7P64IE56ZYSM-300x102.png\" class=\"attachment-medium size-medium wp-post-image\" alt=\"\" srcset=\"https:\/\/svenskelektronik.se\/wp-content\/uploads\/2025\/06\/MCF3J76KZHMFAHNM7P64IE56ZYSM-300x102.png 300w, https:\/\/svenskelektronik.se\/wp-content\/uploads\/2025\/06\/MCF3J76KZHMFAHNM7P64IE56ZYSM.png 316w\" sizes=\"auto, (max-width: 300px) 100vw, 300px\" \/>                                            <\/a>\n                \n                    \n                    <a class=\"carousel-item\"\n                       href=\"https:\/\/svenskelektronik.se\/en\/medlemmar\/maria-mansson-enskild-firma\/\"\n                       target=\"_blank\"\n                       rel=\"noopener noreferrer\"\n                       aria-label=\"Maria M\u00e5nsson (enskild firma)\">\n                \n                                                    <img loading=\"lazy\" decoding=\"async\" width=\"300\" height=\"35\" src=\"https:\/\/svenskelektronik.se\/wp-content\/uploads\/2025\/02\/Maria-mansson-6-1-300x35.png\" class=\"attachment-medium size-medium wp-post-image\" alt=\"\" srcset=\"https:\/\/svenskelektronik.se\/wp-content\/uploads\/2025\/02\/Maria-mansson-6-1-300x35.png 300w, https:\/\/svenskelektronik.se\/wp-content\/uploads\/2025\/02\/Maria-mansson-6-1-1024x118.png 1024w, https:\/\/svenskelektronik.se\/wp-content\/uploads\/2025\/02\/Maria-mansson-6-1-768x88.png 768w, https:\/\/svenskelektronik.se\/wp-content\/uploads\/2025\/02\/Maria-mansson-6-1.png 1069w\" sizes=\"auto, (max-width: 300px) 100vw, 300px\" \/>                                            <\/a>\n                \n                    \n                    <a class=\"carousel-item\"\n                       href=\"http:\/\/www.acalbfi.com\"\n                       target=\"_blank\"\n                       rel=\"noopener noreferrer\"\n                       aria-label=\"ACAL BFI Nordic AB\">\n                \n                                                    <img loading=\"lazy\" decoding=\"async\" width=\"300\" height=\"153\" src=\"https:\/\/svenskelektronik.se\/wp-content\/uploads\/2024\/03\/Acal-BFi-300x153.png\" class=\"attachment-medium size-medium wp-post-image\" alt=\"\" srcset=\"https:\/\/svenskelektronik.se\/wp-content\/uploads\/2024\/03\/Acal-BFi-300x153.png 300w, https:\/\/svenskelektronik.se\/wp-content\/uploads\/2024\/03\/Acal-BFi-768x392.png 768w, https:\/\/svenskelektronik.se\/wp-content\/uploads\/2024\/03\/Acal-BFi.png 800w\" sizes=\"auto, (max-width: 300px) 100vw, 300px\" \/>                                            <\/a>\n                \n                    \n                    <a class=\"carousel-item\"\n                       href=\"https:\/\/www.prevas.se\"\n                       target=\"_blank\"\n                       rel=\"noopener noreferrer\"\n                       aria-label=\"Prevas AB\">\n                \n                                                    <img loading=\"lazy\" decoding=\"async\" width=\"300\" height=\"66\" src=\"https:\/\/svenskelektronik.se\/wp-content\/uploads\/2025\/02\/prevas_logo_2019-300x66.png\" class=\"attachment-medium size-medium wp-post-image\" alt=\"\" srcset=\"https:\/\/svenskelektronik.se\/wp-content\/uploads\/2025\/02\/prevas_logo_2019-300x66.png 300w, https:\/\/svenskelektronik.se\/wp-content\/uploads\/2025\/02\/prevas_logo_2019-1024x225.png 1024w, https:\/\/svenskelektronik.se\/wp-content\/uploads\/2025\/02\/prevas_logo_2019-768x169.png 768w, https:\/\/svenskelektronik.se\/wp-content\/uploads\/2025\/02\/prevas_logo_2019.png 1130w\" sizes=\"auto, (max-width: 300px) 100vw, 300px\" \/>                                            <\/a>\n                \n                    \n                    <a class=\"carousel-item\"\n                       href=\"https:\/\/www.janlinders.com\/\"\n                       target=\"_blank\"\n                       rel=\"noopener noreferrer\"\n                       aria-label=\"Jan Linders EMC-laboratorium\">\n                \n                                                    <h3>Jan Linders EMC-laboratorium<\/h3>\n                                            <\/a>\n                \n                    \n                    <a class=\"carousel-item\"\n                       href=\"https:\/\/afry.com\/\"\n                       target=\"_blank\"\n                       rel=\"noopener noreferrer\"\n                       aria-label=\"AFRY digital solutions\">\n                \n                                                    <img loading=\"lazy\" decoding=\"async\" width=\"300\" height=\"104\" src=\"https:\/\/svenskelektronik.se\/wp-content\/uploads\/2025\/04\/AFRY_Logotype_Horizontal_Black-e1745500360535-300x104.png\" class=\"attachment-medium size-medium wp-post-image\" alt=\"\" srcset=\"https:\/\/svenskelektronik.se\/wp-content\/uploads\/2025\/04\/AFRY_Logotype_Horizontal_Black-e1745500360535-300x104.png 300w, https:\/\/svenskelektronik.se\/wp-content\/uploads\/2025\/04\/AFRY_Logotype_Horizontal_Black-e1745500360535-1024x356.png 1024w, https:\/\/svenskelektronik.se\/wp-content\/uploads\/2025\/04\/AFRY_Logotype_Horizontal_Black-e1745500360535-768x267.png 768w, https:\/\/svenskelektronik.se\/wp-content\/uploads\/2025\/04\/AFRY_Logotype_Horizontal_Black-e1745500360535.png 1427w\" sizes=\"auto, (max-width: 300px) 100vw, 300px\" \/>                                            <\/a>\n                \n                    \n                    <a class=\"carousel-item\"\n                       href=\"https:\/\/www.rutronik.com\/rutronik\/worldwide-contact\/emea\/sweden\"\n                       target=\"_blank\"\n                       rel=\"noopener noreferrer\"\n                       aria-label=\"Rutronik Nordic AB\">\n                \n                                                    <img loading=\"lazy\" decoding=\"async\" width=\"300\" height=\"56\" src=\"https:\/\/svenskelektronik.se\/wp-content\/uploads\/2025\/02\/rutroniklogo_680-300x56.png\" class=\"attachment-medium size-medium wp-post-image\" alt=\"\" srcset=\"https:\/\/svenskelektronik.se\/wp-content\/uploads\/2025\/02\/rutroniklogo_680-300x56.png 300w, https:\/\/svenskelektronik.se\/wp-content\/uploads\/2025\/02\/rutroniklogo_680.png 680w\" sizes=\"auto, (max-width: 300px) 100vw, 300px\" \/>                                            <\/a>\n                \n                    \n                    <a class=\"carousel-item\"\n                       href=\"https:\/\/www.schurter.com\/en\"\n                       target=\"_blank\"\n                       rel=\"noopener noreferrer\"\n                       aria-label=\"Schurter Nordic AB\">\n                \n                                                    <img loading=\"lazy\" decoding=\"async\" width=\"300\" height=\"59\" src=\"https:\/\/svenskelektronik.se\/wp-content\/uploads\/2025\/02\/Logo_Schurter_Holding_AG.svg_-300x59.png\" class=\"attachment-medium size-medium wp-post-image\" alt=\"\" srcset=\"https:\/\/svenskelektronik.se\/wp-content\/uploads\/2025\/02\/Logo_Schurter_Holding_AG.svg_-300x59.png 300w, https:\/\/svenskelektronik.se\/wp-content\/uploads\/2025\/02\/Logo_Schurter_Holding_AG.svg_-1024x202.png 1024w, https:\/\/svenskelektronik.se\/wp-content\/uploads\/2025\/02\/Logo_Schurter_Holding_AG.svg_-768x152.png 768w, https:\/\/svenskelektronik.se\/wp-content\/uploads\/2025\/02\/Logo_Schurter_Holding_AG.svg_.png 1200w\" sizes=\"auto, (max-width: 300px) 100vw, 300px\" \/>                                            <\/a>\n                \n                    \n                    <a class=\"carousel-item\"\n                       href=\"https:\/\/elproman.se\"\n                       target=\"_blank\"\n                       rel=\"noopener noreferrer\"\n                       aria-label=\"Elproman AB\">\n                \n                                                    <img loading=\"lazy\" decoding=\"async\" width=\"300\" height=\"38\" src=\"https:\/\/svenskelektronik.se\/wp-content\/uploads\/2024\/11\/elproman_cmyk-512x64-1-300x38.png\" class=\"attachment-medium size-medium wp-post-image\" alt=\"\" srcset=\"https:\/\/svenskelektronik.se\/wp-content\/uploads\/2024\/11\/elproman_cmyk-512x64-1-300x38.png 300w, https:\/\/svenskelektronik.se\/wp-content\/uploads\/2024\/11\/elproman_cmyk-512x64-1.png 512w\" sizes=\"auto, (max-width: 300px) 100vw, 300px\" \/>                                            <\/a>\n                \n                    \n                    <a class=\"carousel-item\"\n                       href=\"https:\/\/etronix.se\/\"\n                       target=\"_blank\"\n                       rel=\"noopener noreferrer\"\n                       aria-label=\"Etronix\">\n                \n                                                    <img loading=\"lazy\" decoding=\"async\" width=\"300\" height=\"53\" src=\"https:\/\/svenskelektronik.se\/wp-content\/uploads\/2024\/11\/standard-log-06102f.png-300x53.webp\" class=\"attachment-medium size-medium wp-post-image\" alt=\"\" srcset=\"https:\/\/svenskelektronik.se\/wp-content\/uploads\/2024\/11\/standard-log-06102f.png-300x53.webp 300w, https:\/\/svenskelektronik.se\/wp-content\/uploads\/2024\/11\/standard-log-06102f.png-1024x180.webp 1024w, https:\/\/svenskelektronik.se\/wp-content\/uploads\/2024\/11\/standard-log-06102f.png-768x135.webp 768w, https:\/\/svenskelektronik.se\/wp-content\/uploads\/2024\/11\/standard-log-06102f.png.webp 1200w\" sizes=\"auto, (max-width: 300px) 100vw, 300px\" \/>                                            <\/a>\n                \n                    \n                    <a class=\"carousel-item\"\n                       href=\"https:\/\/svenskelektronik.se\/en\/medlemmar\/abc-cad-elektronik-ab\/\"\n                       target=\"_blank\"\n                       rel=\"noopener noreferrer\"\n                       aria-label=\"ABC-Cad Elektronik AB\">\n                \n                                                    <img loading=\"lazy\" decoding=\"async\" width=\"300\" height=\"91\" src=\"https:\/\/svenskelektronik.se\/wp-content\/uploads\/2024\/03\/ABC-CAD-300x91.png\" class=\"attachment-medium size-medium wp-post-image\" alt=\"\" srcset=\"https:\/\/svenskelektronik.se\/wp-content\/uploads\/2024\/03\/ABC-CAD-300x91.png 300w, https:\/\/svenskelektronik.se\/wp-content\/uploads\/2024\/03\/ABC-CAD-1024x312.png 1024w, https:\/\/svenskelektronik.se\/wp-content\/uploads\/2024\/03\/ABC-CAD-768x234.png 768w, https:\/\/svenskelektronik.se\/wp-content\/uploads\/2024\/03\/ABC-CAD-1536x468.png 1536w, https:\/\/svenskelektronik.se\/wp-content\/uploads\/2024\/03\/ABC-CAD.png 1545w\" sizes=\"auto, (max-width: 300px) 100vw, 300px\" \/>                                            <\/a>\n                \n                    \n                    <a class=\"carousel-item\"\n                       href=\"https:\/\/www.note-ems.com\"\n                       target=\"_blank\"\n                       rel=\"noopener noreferrer\"\n                       aria-label=\"NOTE AB\">\n                \n                                                    <img loading=\"lazy\" decoding=\"async\" width=\"300\" height=\"66\" src=\"https:\/\/svenskelektronik.se\/wp-content\/uploads\/2025\/02\/logo-300x66.png\" class=\"attachment-medium size-medium wp-post-image\" alt=\"\" srcset=\"https:\/\/svenskelektronik.se\/wp-content\/uploads\/2025\/02\/logo-300x66.png 300w, https:\/\/svenskelektronik.se\/wp-content\/uploads\/2025\/02\/logo.png 500w\" sizes=\"auto, (max-width: 300px) 100vw, 300px\" \/>                                            <\/a>\n                \n                    \n                    <a class=\"carousel-item\"\n                       href=\"https:\/\/www.esd-center.se\"\n                       target=\"_blank\"\n                       rel=\"noopener noreferrer\"\n                       aria-label=\"ESD-Center AB\">\n                \n                                                    <img loading=\"lazy\" decoding=\"async\" width=\"200\" height=\"88\" src=\"https:\/\/svenskelektronik.se\/wp-content\/uploads\/2024\/11\/ESD-Center_Logo-webbformat.png\" class=\"attachment-medium size-medium wp-post-image\" alt=\"\" \/>                                            <\/a>\n                \n                    \n                    <a class=\"carousel-item\"\n                       href=\"https:\/\/www.proxitron.se\"\n                       target=\"_blank\"\n                       rel=\"noopener noreferrer\"\n                       aria-label=\"Proxitron AB\">\n                \n                                                    <img loading=\"lazy\" decoding=\"async\" width=\"300\" height=\"85\" src=\"https:\/\/svenskelektronik.se\/wp-content\/uploads\/2025\/02\/proxitron-NEG-300x85.png\" class=\"attachment-medium size-medium wp-post-image\" alt=\"\" srcset=\"https:\/\/svenskelektronik.se\/wp-content\/uploads\/2025\/02\/proxitron-NEG-300x85.png 300w, https:\/\/svenskelektronik.se\/wp-content\/uploads\/2025\/02\/proxitron-NEG.png 500w\" sizes=\"auto, (max-width: 300px) 100vw, 300px\" \/>                                            <\/a>\n                \n                    \n                    <a class=\"carousel-item\"\n                       href=\"https:\/\/www.frikab.se\"\n                       target=\"_blank\"\n                       rel=\"noopener noreferrer\"\n                       aria-label=\"Frikab Produktion AB\">\n                \n                                                    <img loading=\"lazy\" decoding=\"async\" width=\"300\" height=\"123\" src=\"https:\/\/svenskelektronik.se\/wp-content\/uploads\/2025\/02\/Frikab-300x123.png\" class=\"attachment-medium size-medium wp-post-image\" alt=\"\" srcset=\"https:\/\/svenskelektronik.se\/wp-content\/uploads\/2025\/02\/Frikab-300x123.png 300w, https:\/\/svenskelektronik.se\/wp-content\/uploads\/2025\/02\/Frikab.png 307w\" sizes=\"auto, (max-width: 300px) 100vw, 300px\" \/>                                            <\/a>\n                \n                    \n                    <a class=\"carousel-item\"\n                       href=\"https:\/\/www.keysight.com\/se\/en\/home.html\"\n                       target=\"_blank\"\n                       rel=\"noopener noreferrer\"\n                       aria-label=\"Keysight technologies Sweden AB\">\n                \n                                                    <img loading=\"lazy\" decoding=\"async\" width=\"300\" height=\"115\" src=\"https:\/\/svenskelektronik.se\/wp-content\/uploads\/2025\/02\/keysight-logo-300x115.png\" class=\"attachment-medium size-medium wp-post-image\" alt=\"\" srcset=\"https:\/\/svenskelektronik.se\/wp-content\/uploads\/2025\/02\/keysight-logo-300x115.png 300w, https:\/\/svenskelektronik.se\/wp-content\/uploads\/2025\/02\/keysight-logo.png 500w\" sizes=\"auto, (max-width: 300px) 100vw, 300px\" \/>                                            <\/a>\n                \n                    \n                    <a class=\"carousel-item\"\n                       href=\"https:\/\/www.sanmina.com\/services-contract-electronics-manufacturing\/facilities\/ornskoldsvik-sweden-se\/\"\n                       target=\"_blank\"\n                       rel=\"noopener noreferrer\"\n                       aria-label=\"Sanmina\">\n                \n                                                    <img loading=\"lazy\" decoding=\"async\" width=\"300\" height=\"170\" src=\"https:\/\/svenskelektronik.se\/wp-content\/uploads\/2025\/02\/sanmina-logo-300x170.png\" class=\"attachment-medium size-medium wp-post-image\" alt=\"\" srcset=\"https:\/\/svenskelektronik.se\/wp-content\/uploads\/2025\/02\/sanmina-logo-300x170.png 300w, https:\/\/svenskelektronik.se\/wp-content\/uploads\/2025\/02\/sanmina-logo-768x436.png 768w, https:\/\/svenskelektronik.se\/wp-content\/uploads\/2025\/02\/sanmina-logo.png 792w\" sizes=\"auto, (max-width: 300px) 100vw, 300px\" \/>                                            <\/a>\n                \n                    \n                    <a class=\"carousel-item\"\n                       href=\"https:\/\/celsicom-easyconnect.com\/sv\/\"\n                       target=\"_blank\"\n                       rel=\"noopener noreferrer\"\n                       aria-label=\"Celsicom AB\">\n                \n                                                    <img loading=\"lazy\" decoding=\"async\" width=\"200\" height=\"89\" src=\"https:\/\/svenskelektronik.se\/wp-content\/uploads\/2024\/10\/Celsicom-Easy-Connect-utan-r-200px.png\" class=\"attachment-medium size-medium wp-post-image\" alt=\"\" \/>                                            <\/a>\n                \n                    \n                    <a class=\"carousel-item\"\n                       href=\"https:\/\/www.ltu.se\"\n                       target=\"_blank\"\n                       rel=\"noopener noreferrer\"\n                       aria-label=\"Lule\u00e5 tekniksa universitet\">\n                \n                                                    <img loading=\"lazy\" decoding=\"async\" width=\"300\" height=\"143\" src=\"https:\/\/svenskelektronik.se\/wp-content\/uploads\/2025\/02\/Lulea_tekniska_universitet_Logo.svg_-300x143.png\" class=\"attachment-medium size-medium wp-post-image\" alt=\"\" srcset=\"https:\/\/svenskelektronik.se\/wp-content\/uploads\/2025\/02\/Lulea_tekniska_universitet_Logo.svg_-300x143.png 300w, https:\/\/svenskelektronik.se\/wp-content\/uploads\/2025\/02\/Lulea_tekniska_universitet_Logo.svg_-1024x489.png 1024w, https:\/\/svenskelektronik.se\/wp-content\/uploads\/2025\/02\/Lulea_tekniska_universitet_Logo.svg_-768x367.png 768w, https:\/\/svenskelektronik.se\/wp-content\/uploads\/2025\/02\/Lulea_tekniska_universitet_Logo.svg_-1536x734.png 1536w, https:\/\/svenskelektronik.se\/wp-content\/uploads\/2025\/02\/Lulea_tekniska_universitet_Logo.svg_-2048x978.png 2048w, https:\/\/svenskelektronik.se\/wp-content\/uploads\/2025\/02\/Lulea_tekniska_universitet_Logo.svg_-1920x917.png 1920w\" sizes=\"auto, (max-width: 300px) 100vw, 300px\" \/>                                            <\/a>\n                \n                    \n                    <a class=\"carousel-item\"\n                       href=\"https:\/\/www.innowicom.se\"\n                       target=\"_blank\"\n                       rel=\"noopener noreferrer\"\n                       aria-label=\"Innowicom System Solutions AB\">\n                \n                                                    <img loading=\"lazy\" decoding=\"async\" width=\"300\" height=\"94\" src=\"https:\/\/svenskelektronik.se\/wp-content\/uploads\/2025\/02\/innowicom-300x94.png\" class=\"attachment-medium size-medium wp-post-image\" alt=\"\" srcset=\"https:\/\/svenskelektronik.se\/wp-content\/uploads\/2025\/02\/innowicom-300x94.png 300w, https:\/\/svenskelektronik.se\/wp-content\/uploads\/2025\/02\/innowicom.png 479w\" sizes=\"auto, (max-width: 300px) 100vw, 300px\" \/>                                            <\/a>\n                \n                    \n                    <a class=\"carousel-item\"\n                       href=\"https:\/\/svenskelektronik.se\/en\/medlemmar\/westfire-electronics-ab\/\"\n                       target=\"_blank\"\n                       rel=\"noopener noreferrer\"\n                       aria-label=\"\u00a0Westfire Electronics AB\">\n                \n                                                    <h3>\u00a0Westfire Electronics AB<\/h3>\n                                            <\/a>\n                \n                    \n                    <a class=\"carousel-item\"\n                       href=\"https:\/\/hemsek.com\"\n                       target=\"_blank\"\n                       rel=\"noopener noreferrer\"\n                       aria-label=\"Hemsek AB\">\n                \n                                                    <img loading=\"lazy\" decoding=\"async\" width=\"300\" height=\"90\" src=\"https:\/\/svenskelektronik.se\/wp-content\/uploads\/2025\/06\/hemsek-300x90.png\" class=\"attachment-medium size-medium wp-post-image\" alt=\"\" srcset=\"https:\/\/svenskelektronik.se\/wp-content\/uploads\/2025\/06\/hemsek-300x90.png 300w, https:\/\/svenskelektronik.se\/wp-content\/uploads\/2025\/06\/hemsek.png 736w\" sizes=\"auto, (max-width: 300px) 100vw, 300px\" \/>                                            <\/a>\n                \n                    \n                    <a class=\"carousel-item\"\n                       href=\"https:\/\/www.avnet.com\/\"\n                       target=\"_blank\"\n                       rel=\"noopener noreferrer\"\n                       aria-label=\"Avnet Nortec AB\">\n                \n                                                    <h3>Avnet Nortec AB<\/h3>\n                                            <\/a>\n                \n                    \n                    <a class=\"carousel-item\"\n                       href=\"http:\/\/www.ferner.se\/\"\n                       target=\"_blank\"\n                       rel=\"noopener noreferrer\"\n                       aria-label=\"Ferner Elektronik AB\">\n                \n                                                    <img loading=\"lazy\" decoding=\"async\" width=\"300\" height=\"104\" src=\"https:\/\/svenskelektronik.se\/wp-content\/uploads\/2025\/02\/ferner_logo_400_blue-300x104.png\" class=\"attachment-medium size-medium wp-post-image\" alt=\"\" srcset=\"https:\/\/svenskelektronik.se\/wp-content\/uploads\/2025\/02\/ferner_logo_400_blue-300x104.png 300w, https:\/\/svenskelektronik.se\/wp-content\/uploads\/2025\/02\/ferner_logo_400_blue.png 400w\" sizes=\"auto, (max-width: 300px) 100vw, 300px\" \/>                                            <\/a>\n                \n                    \n                    <a class=\"carousel-item\"\n                       href=\"https:\/\/www.scanditron.com\/sv\/\"\n                       target=\"_blank\"\n                       rel=\"noopener noreferrer\"\n                       aria-label=\"Scanditron Sverige AB\">\n                \n                                                    <img loading=\"lazy\" decoding=\"async\" width=\"300\" height=\"72\" src=\"https:\/\/svenskelektronik.se\/wp-content\/uploads\/2025\/02\/Scanditron_Nya-1-300x72-1.png\" class=\"attachment-medium size-medium wp-post-image\" alt=\"\" \/>                                            <\/a>\n                \n                    \n                    <a class=\"carousel-item\"\n                       href=\"https:\/\/scanreco.com\"\n                       target=\"_blank\"\n                       rel=\"noopener noreferrer\"\n                       aria-label=\"Scanreco AB\">\n                \n                                                    <img loading=\"lazy\" decoding=\"async\" width=\"300\" height=\"127\" src=\"https:\/\/svenskelektronik.se\/wp-content\/uploads\/2025\/02\/site-logo-300x127.png\" class=\"attachment-medium size-medium wp-post-image\" alt=\"\" srcset=\"https:\/\/svenskelektronik.se\/wp-content\/uploads\/2025\/02\/site-logo-300x127.png 300w, https:\/\/svenskelektronik.se\/wp-content\/uploads\/2025\/02\/site-logo.png 612w\" sizes=\"auto, (max-width: 300px) 100vw, 300px\" \/>                                            <\/a>\n                \n                    \n                    <a class=\"carousel-item\"\n                       href=\"https:\/\/www.anritsu.com\/\"\n                       target=\"_blank\"\n                       rel=\"noopener noreferrer\"\n                       aria-label=\"Anritsu AB\">\n                \n                                                    <img loading=\"lazy\" decoding=\"async\" width=\"300\" height=\"60\" src=\"https:\/\/svenskelektronik.se\/wp-content\/uploads\/2024\/10\/anritsu-logo-300x60.png\" class=\"attachment-medium size-medium wp-post-image\" alt=\"\" srcset=\"https:\/\/svenskelektronik.se\/wp-content\/uploads\/2024\/10\/anritsu-logo-300x60.png 300w, https:\/\/svenskelektronik.se\/wp-content\/uploads\/2024\/10\/anritsu-logo-768x154.png 768w, https:\/\/svenskelektronik.se\/wp-content\/uploads\/2024\/10\/anritsu-logo.png 1000w\" sizes=\"auto, (max-width: 300px) 100vw, 300px\" \/>                                            <\/a>\n                \n                    \n                    <a class=\"carousel-item\"\n                       href=\"https:\/\/www.treinno.se\"\n                       target=\"_blank\"\n                       rel=\"noopener noreferrer\"\n                       aria-label=\"Tre Innovat\u00f6rer AB\">\n                \n                                                    <img loading=\"lazy\" decoding=\"async\" width=\"300\" height=\"70\" src=\"https:\/\/svenskelektronik.se\/wp-content\/uploads\/2025\/02\/logo-300x70.gif\" class=\"attachment-medium size-medium wp-post-image\" alt=\"\" \/>                                            <\/a>\n                \n                    \n                    <a class=\"carousel-item\"\n                       href=\"https:\/\/www.arrow.com\"\n                       target=\"_blank\"\n                       rel=\"noopener noreferrer\"\n                       aria-label=\"Arrow Components Sweden AB\">\n                \n                                                    <img loading=\"lazy\" decoding=\"async\" width=\"300\" height=\"67\" src=\"https:\/\/svenskelektronik.se\/wp-content\/uploads\/2024\/10\/logo-arrow-300x67.png\" class=\"attachment-medium size-medium wp-post-image\" alt=\"\" srcset=\"https:\/\/svenskelektronik.se\/wp-content\/uploads\/2024\/10\/logo-arrow-300x67.png 300w, https:\/\/svenskelektronik.se\/wp-content\/uploads\/2024\/10\/logo-arrow-768x172.png 768w, https:\/\/svenskelektronik.se\/wp-content\/uploads\/2024\/10\/logo-arrow.png 1000w\" sizes=\"auto, (max-width: 300px) 100vw, 300px\" \/>                                            <\/a>\n                \n                    \n                    <a class=\"carousel-item\"\n                       href=\"https:\/\/ecabparts.com\/\"\n                       target=\"_blank\"\n                       rel=\"noopener noreferrer\"\n                       aria-label=\"ECAB (European Components AB)\">\n                \n                                                    <img loading=\"lazy\" decoding=\"async\" width=\"300\" height=\"111\" src=\"https:\/\/svenskelektronik.se\/wp-content\/uploads\/2024\/10\/Ecab_logo_white_300px.png\" class=\"attachment-medium size-medium wp-post-image\" alt=\"\" \/>                                            <\/a>\n                \n                    \n                    <a class=\"carousel-item\"\n                       href=\"https:\/\/www.profcon.se\"\n                       target=\"_blank\"\n                       rel=\"noopener noreferrer\"\n                       aria-label=\"Profcon AB\">\n                \n                                                    <img loading=\"lazy\" decoding=\"async\" width=\"215\" height=\"32\" src=\"https:\/\/svenskelektronik.se\/wp-content\/uploads\/2025\/02\/site215.png\" class=\"attachment-medium size-medium wp-post-image\" alt=\"\" \/>                                            <\/a>\n                \n                    \n                    <a class=\"carousel-item\"\n                       href=\"https:\/\/jontronic.se\"\n                       target=\"_blank\"\n                       rel=\"noopener noreferrer\"\n                       aria-label=\"Jontronic AB\">\n                \n                                                    <img loading=\"lazy\" decoding=\"async\" width=\"212\" height=\"77\" src=\"https:\/\/svenskelektronik.se\/wp-content\/uploads\/2025\/02\/jontronic_ab_logo.png\" class=\"attachment-medium size-medium wp-post-image\" alt=\"\" \/>                                            <\/a>\n                \n                    \n                    <a class=\"carousel-item\"\n                       href=\"https:\/\/www.we-online.com\/en\/special\/country\/sweden\"\n                       target=\"_blank\"\n                       rel=\"noopener noreferrer\"\n                       aria-label=\"W\u00fcrth\u202fElektronik\">\n                \n                                                    <img loading=\"lazy\" decoding=\"async\" width=\"300\" height=\"120\" src=\"https:\/\/svenskelektronik.se\/wp-content\/uploads\/2025\/06\/Wuerth_Elektronik-Gruppe.jpg-300x120.png\" class=\"attachment-medium size-medium wp-post-image\" alt=\"\" srcset=\"https:\/\/svenskelektronik.se\/wp-content\/uploads\/2025\/06\/Wuerth_Elektronik-Gruppe.jpg-300x120.png 300w, https:\/\/svenskelektronik.se\/wp-content\/uploads\/2025\/06\/Wuerth_Elektronik-Gruppe.jpg-1024x410.png 1024w, https:\/\/svenskelektronik.se\/wp-content\/uploads\/2025\/06\/Wuerth_Elektronik-Gruppe.jpg-768x307.png 768w, https:\/\/svenskelektronik.se\/wp-content\/uploads\/2025\/06\/Wuerth_Elektronik-Gruppe.jpg.png 1240w\" sizes=\"auto, (max-width: 300px) 100vw, 300px\" \/>                                            <\/a>\n                \n                    \n                    <a class=\"carousel-item\"\n                       href=\"https:\/\/madev.se\"\n                       target=\"_blank\"\n                       rel=\"noopener noreferrer\"\n                       aria-label=\"MA Development\">\n                \n                                                    <h3>MA Development<\/h3>\n                                            <\/a>\n                \n                    \n                    <a class=\"carousel-item\"\n                       href=\"https:\/\/www.actia.se\/\"\n                       target=\"_blank\"\n                       rel=\"noopener noreferrer\"\n                       aria-label=\"Actia Nordic AB\">\n                \n                                                    <img loading=\"lazy\" decoding=\"async\" width=\"300\" height=\"82\" src=\"https:\/\/svenskelektronik.se\/wp-content\/uploads\/2024\/10\/Actia-300x82.png\" class=\"attachment-medium size-medium wp-post-image\" alt=\"\" srcset=\"https:\/\/svenskelektronik.se\/wp-content\/uploads\/2024\/10\/Actia-300x82.png 300w, https:\/\/svenskelektronik.se\/wp-content\/uploads\/2024\/10\/Actia-768x210.png 768w, https:\/\/svenskelektronik.se\/wp-content\/uploads\/2024\/10\/Actia.png 927w\" sizes=\"auto, (max-width: 300px) 100vw, 300px\" \/>                                            <\/a>\n                \n                    \n                    <a class=\"carousel-item\"\n                       href=\"https:\/\/www.viavisolutions.com\/en-us\"\n                       target=\"_blank\"\n                       rel=\"noopener noreferrer\"\n                       aria-label=\"Viavi Solutions AB\">\n                \n                                                    <img loading=\"lazy\" decoding=\"async\" width=\"300\" height=\"75\" src=\"https:\/\/svenskelektronik.se\/wp-content\/uploads\/2025\/06\/Viavi-Solutions-Logo-300x75.png\" class=\"attachment-medium size-medium wp-post-image\" alt=\"\" srcset=\"https:\/\/svenskelektronik.se\/wp-content\/uploads\/2025\/06\/Viavi-Solutions-Logo-300x75.png 300w, https:\/\/svenskelektronik.se\/wp-content\/uploads\/2025\/06\/Viavi-Solutions-Logo-1024x258.png 1024w, https:\/\/svenskelektronik.se\/wp-content\/uploads\/2025\/06\/Viavi-Solutions-Logo-768x193.png 768w, https:\/\/svenskelektronik.se\/wp-content\/uploads\/2025\/06\/Viavi-Solutions-Logo-1536x386.png 1536w, https:\/\/svenskelektronik.se\/wp-content\/uploads\/2025\/06\/Viavi-Solutions-Logo-2048x515.png 2048w, https:\/\/svenskelektronik.se\/wp-content\/uploads\/2025\/06\/Viavi-Solutions-Logo-1920x483.png 1920w\" sizes=\"auto, (max-width: 300px) 100vw, 300px\" \/>                                            <\/a>\n                \n                    \n                    <a class=\"carousel-item\"\n                       href=\"https:\/\/nepartner.se\"\n                       target=\"_blank\"\n                       rel=\"noopener noreferrer\"\n                       aria-label=\"Norrtelje Elektronikpartner NEP\">\n                \n                                                    <img loading=\"lazy\" decoding=\"async\" width=\"300\" height=\"142\" src=\"https:\/\/svenskelektronik.se\/wp-content\/uploads\/2025\/02\/NEP_logo_CMYK_00001-1-300x142.png\" class=\"attachment-medium size-medium wp-post-image\" alt=\"\" srcset=\"https:\/\/svenskelektronik.se\/wp-content\/uploads\/2025\/02\/NEP_logo_CMYK_00001-1-300x142.png 300w, https:\/\/svenskelektronik.se\/wp-content\/uploads\/2025\/02\/NEP_logo_CMYK_00001-1-1024x483.png 1024w, https:\/\/svenskelektronik.se\/wp-content\/uploads\/2025\/02\/NEP_logo_CMYK_00001-1-768x362.png 768w, https:\/\/svenskelektronik.se\/wp-content\/uploads\/2025\/02\/NEP_logo_CMYK_00001-1-1536x725.png 1536w, https:\/\/svenskelektronik.se\/wp-content\/uploads\/2025\/02\/NEP_logo_CMYK_00001-1-2048x966.png 2048w, https:\/\/svenskelektronik.se\/wp-content\/uploads\/2025\/02\/NEP_logo_CMYK_00001-1-1920x906.png 1920w\" sizes=\"auto, (max-width: 300px) 100vw, 300px\" \/>                                            <\/a>\n                \n                    \n                    <a class=\"carousel-item\"\n                       href=\"https:\/\/www.polyamp.se\/\"\n                       target=\"_blank\"\n                       rel=\"noopener noreferrer\"\n                       aria-label=\"Polyamp AB\">\n                \n                                                    <img loading=\"lazy\" decoding=\"async\" width=\"300\" height=\"82\" src=\"https:\/\/svenskelektronik.se\/wp-content\/uploads\/2025\/02\/site_logo-300x82.png\" class=\"attachment-medium size-medium wp-post-image\" alt=\"\" srcset=\"https:\/\/svenskelektronik.se\/wp-content\/uploads\/2025\/02\/site_logo-300x82.png 300w, https:\/\/svenskelektronik.se\/wp-content\/uploads\/2025\/02\/site_logo.png 500w\" sizes=\"auto, (max-width: 300px) 100vw, 300px\" \/>                                            <\/a>\n                \n                    \n                    <a class=\"carousel-item\"\n                       href=\"https:\/\/www.atlascopco.com\/sv-se\"\n                       target=\"_blank\"\n                       rel=\"noopener noreferrer\"\n                       aria-label=\"Atlas Copco Industrial Technique AB\">\n                \n                                                    <img loading=\"lazy\" decoding=\"async\" width=\"300\" height=\"146\" src=\"https:\/\/svenskelektronik.se\/wp-content\/uploads\/2024\/10\/Atlascopco_logo-300x146.png\" class=\"attachment-medium size-medium wp-post-image\" alt=\"\" srcset=\"https:\/\/svenskelektronik.se\/wp-content\/uploads\/2024\/10\/Atlascopco_logo-300x146.png 300w, https:\/\/svenskelektronik.se\/wp-content\/uploads\/2024\/10\/Atlascopco_logo-1024x498.png 1024w, https:\/\/svenskelektronik.se\/wp-content\/uploads\/2024\/10\/Atlascopco_logo-768x374.png 768w, https:\/\/svenskelektronik.se\/wp-content\/uploads\/2024\/10\/Atlascopco_logo.png 1233w\" sizes=\"auto, (max-width: 300px) 100vw, 300px\" \/>                                            <\/a>\n                \n                    \n                    <a class=\"carousel-item\"\n                       href=\"https:\/\/www.ncabgroup.com\"\n                       target=\"_blank\"\n                       rel=\"noopener noreferrer\"\n                       aria-label=\"NCAB Group Sweden\">\n                \n                                                    <img loading=\"lazy\" decoding=\"async\" width=\"300\" height=\"105\" src=\"https:\/\/svenskelektronik.se\/wp-content\/uploads\/2025\/02\/ncab_logo-300x105.png\" class=\"attachment-medium size-medium wp-post-image\" alt=\"\" srcset=\"https:\/\/svenskelektronik.se\/wp-content\/uploads\/2025\/02\/ncab_logo-300x105.png 300w, https:\/\/svenskelektronik.se\/wp-content\/uploads\/2025\/02\/ncab_logo.png 465w\" sizes=\"auto, (max-width: 300px) 100vw, 300px\" \/>                                            <\/a>\n                \n                    \n                    <a class=\"carousel-item\"\n                       href=\"https:\/\/strainlabs.com\"\n                       target=\"_blank\"\n                       rel=\"noopener noreferrer\"\n                       aria-label=\"Strainlabs AB\">\n                \n                                                    <img loading=\"lazy\" decoding=\"async\" width=\"300\" height=\"50\" src=\"https:\/\/svenskelektronik.se\/wp-content\/uploads\/2025\/02\/strainlabs-logo-300x50.png\" class=\"attachment-medium size-medium wp-post-image\" alt=\"\" srcset=\"https:\/\/svenskelektronik.se\/wp-content\/uploads\/2025\/02\/strainlabs-logo-300x50.png 300w, https:\/\/svenskelektronik.se\/wp-content\/uploads\/2025\/02\/strainlabs-logo.png 552w\" sizes=\"auto, (max-width: 300px) 100vw, 300px\" \/>                                            <\/a>\n                \n                    \n                    <a class=\"carousel-item\"\n                       href=\"https:\/\/www.norautron.com\/norautron-sweden\"\n                       target=\"_blank\"\n                       rel=\"noopener noreferrer\"\n                       aria-label=\"Norautron AB\">\n                \n                                                    <img loading=\"lazy\" decoding=\"async\" width=\"300\" height=\"132\" src=\"https:\/\/svenskelektronik.se\/wp-content\/uploads\/2025\/02\/norautron-600x300-1-300x132.png\" class=\"attachment-medium size-medium wp-post-image\" alt=\"\" srcset=\"https:\/\/svenskelektronik.se\/wp-content\/uploads\/2025\/02\/norautron-600x300-1-300x132.png 300w, https:\/\/svenskelektronik.se\/wp-content\/uploads\/2025\/02\/norautron-600x300-1.png 578w\" sizes=\"auto, (max-width: 300px) 100vw, 300px\" \/>                                            <\/a>\n                \n                    \n                    <a class=\"carousel-item\"\n                       href=\"https:\/\/www.nordcad.se\"\n                       target=\"_blank\"\n                       rel=\"noopener noreferrer\"\n                       aria-label=\"Nordcad AB\">\n                \n                                                    <img loading=\"lazy\" decoding=\"async\" width=\"300\" height=\"49\" src=\"https:\/\/svenskelektronik.se\/wp-content\/uploads\/2025\/02\/nordcad-logo-300x49.png\" class=\"attachment-medium size-medium wp-post-image\" alt=\"\" srcset=\"https:\/\/svenskelektronik.se\/wp-content\/uploads\/2025\/02\/nordcad-logo-300x49.png 300w, https:\/\/svenskelektronik.se\/wp-content\/uploads\/2025\/02\/nordcad-logo.png 500w\" sizes=\"auto, (max-width: 300px) 100vw, 300px\" \/>                                            <\/a>\n                \n                    \n                    <a class=\"carousel-item\"\n                       href=\"https:\/\/nordamps.com\"\n                       target=\"_blank\"\n                       rel=\"noopener noreferrer\"\n                       aria-label=\"NordAmps AB\">\n                \n                                                    <img loading=\"lazy\" decoding=\"async\" width=\"267\" height=\"85\" src=\"https:\/\/svenskelektronik.se\/wp-content\/uploads\/2025\/02\/cropped-NordAmps_Logo_BlueGreen-5.png\" class=\"attachment-medium size-medium wp-post-image\" alt=\"\" \/>                                            <\/a>\n                \n                    \n                    <a class=\"carousel-item\"\n                       href=\"https:\/\/www.akkodis.com\/\"\n                       target=\"_blank\"\n                       rel=\"noopener noreferrer\"\n                       aria-label=\"Akkodis\">\n                \n                                                    <img loading=\"lazy\" decoding=\"async\" width=\"300\" height=\"70\" src=\"https:\/\/svenskelektronik.se\/wp-content\/uploads\/2024\/10\/AKKODIS-1-300x70.png\" class=\"attachment-medium size-medium wp-post-image\" alt=\"\" srcset=\"https:\/\/svenskelektronik.se\/wp-content\/uploads\/2024\/10\/AKKODIS-1-300x70.png 300w, https:\/\/svenskelektronik.se\/wp-content\/uploads\/2024\/10\/AKKODIS-1-768x179.png 768w, https:\/\/svenskelektronik.se\/wp-content\/uploads\/2024\/10\/AKKODIS-1.png 815w\" sizes=\"auto, (max-width: 300px) 100vw, 300px\" \/>                                            <\/a>\n                \n                    \n                    <a class=\"carousel-item\"\n                       href=\"https:\/\/smt.asmpt.com\/en\/\"\n                       target=\"_blank\"\n                       rel=\"noopener noreferrer\"\n                       aria-label=\"Asmpt Sweden AB\">\n                \n                                                    <img loading=\"lazy\" decoding=\"async\" width=\"300\" height=\"66\" src=\"https:\/\/svenskelektronik.se\/wp-content\/uploads\/2024\/10\/asmpt_logo-300x66.png\" class=\"attachment-medium size-medium wp-post-image\" alt=\"\" srcset=\"https:\/\/svenskelektronik.se\/wp-content\/uploads\/2024\/10\/asmpt_logo-300x66.png 300w, https:\/\/svenskelektronik.se\/wp-content\/uploads\/2024\/10\/asmpt_logo-768x170.png 768w, https:\/\/svenskelektronik.se\/wp-content\/uploads\/2024\/10\/asmpt_logo.png 903w\" sizes=\"auto, (max-width: 300px) 100vw, 300px\" \/>                                            <\/a>\n                \n                    \n                    <a class=\"carousel-item\"\n                       href=\"https:\/\/www.caltech.se\/\"\n                       target=\"_blank\"\n                       rel=\"noopener noreferrer\"\n                       aria-label=\"Caltech AB\">\n                \n                                                    <img loading=\"lazy\" decoding=\"async\" width=\"300\" height=\"116\" src=\"https:\/\/svenskelektronik.se\/wp-content\/uploads\/2024\/10\/Caltech-SE-logo-300x116-1.png\" class=\"attachment-medium size-medium wp-post-image\" alt=\"\" \/>                                            <\/a>\n                            <\/div>\n        <\/div>\n    <\/div>\n<\/section>\n\n\n<h2 class=\"wp-block-heading alignwide\">Aktuellt<\/h2>\n\n\n\n<section  class=\"tebab-block-text_columns alignfull\">\n\t<div class=\"contained\">\n\t\t<div class=\"columns\">\n\t\t\t\t\t\t\t<div class=\"column has-image\">\n\t\t\t\t\t \n\t\t\t\t\t\t<div class=\"image\">\n\t\t\t\t\t\t\t<img loading=\"lazy\" decoding=\"async\" width=\"1024\" height=\"683\" src=\"https:\/\/svenskelektronik.se\/wp-content\/uploads\/2026\/01\/flags-visual.png\" class=\"attachment-large size-large\" alt=\"\" srcset=\"https:\/\/svenskelektronik.se\/wp-content\/uploads\/2026\/01\/flags-visual.png 1024w, https:\/\/svenskelektronik.se\/wp-content\/uploads\/2026\/01\/flags-visual-300x200.png 300w, https:\/\/svenskelektronik.se\/wp-content\/uploads\/2026\/01\/flags-visual-768x512.png 768w, https:\/\/svenskelektronik.se\/wp-content\/uploads\/2026\/01\/flags-visual-18x12.png 18w\" sizes=\"auto, (max-width: 1024px) 100vw, 1024px\" \/>\t\t\t\t\t\t<\/div>\n\t\t\t\t\t\t\t\t\t\t<div class=\"content\">\n\t\t\t\t\t\t<h3 class=\"column-title\">Svensk Elektroniks yttrande om Europeiska konkurrenskraftsfonden (EKF)<\/h3>\n\t\t\t\t\t\t<p class=\"column-text\">Svensk Elektronik har l\u00e4mnat ett yttrande p\u00e5 remissen om den Europeiska konkurrenskraftsfonden (EKF), som ska st\u00e4rka EU:s industriella konkurrenskraft, s\u00e4kerhet och resiliens.<br \/>\r\n<br \/>\r\nVi \u00e4r positiva till fonden men betonar behovet av ett tydligare industriellt fokus, mindre fragmentering i forsknings- och innovationssystemet samt \u00f6ppna och konkurrensbaserade processer. I svaret lyfter vi elektronikens nyckelroll f\u00f6r digitalisering, energiomst\u00e4llning och f\u00f6rsvar, samt vikten av starkare koppling mellan forskning, kommersialisering och industriell uppskalning, med ett tydligt dual-use-perspektiv och b\u00e4ttre f\u00f6ruts\u00e4ttningar f\u00f6r SME.<\/p>\n\t\t\t\t\t\t\t\t\t\t\t\t\t<a href=\"https:\/\/svenskelektronik.se\/wp-content\/uploads\/2026\/01\/EKF_Fi2025_01916_remissvar_Svensk-Elektronik.pdf\" class=\"column-link button\">\n\t\t\t\t\t\t\t\tL\u00e4s mer\t\t\t\t\t\t\t<\/a>\n\t\t\t\t\t\t\t\t\t\t\t<\/div>\n\t\t\t\t<\/div>\n\t\t\t\t\t\t\t<div class=\"column has-image\">\n\t\t\t\t\t \n\t\t\t\t\t\t<div class=\"image\">\n\t\t\t\t\t\t\t<img loading=\"lazy\" decoding=\"async\" width=\"1024\" height=\"768\" src=\"https:\/\/svenskelektronik.se\/wp-content\/uploads\/2026\/04\/aixs-1024x768.png\" class=\"attachment-large size-large\" alt=\"\" srcset=\"https:\/\/svenskelektronik.se\/wp-content\/uploads\/2026\/04\/aixs-1024x768.png 1024w, https:\/\/svenskelektronik.se\/wp-content\/uploads\/2026\/04\/aixs-300x225.png 300w, https:\/\/svenskelektronik.se\/wp-content\/uploads\/2026\/04\/aixs-768x576.png 768w, https:\/\/svenskelektronik.se\/wp-content\/uploads\/2026\/04\/aixs-1536x1152.png 1536w, https:\/\/svenskelektronik.se\/wp-content\/uploads\/2026\/04\/aixs-16x12.png 16w, https:\/\/svenskelektronik.se\/wp-content\/uploads\/2026\/04\/aixs-1440x1080.png 1440w, https:\/\/svenskelektronik.se\/wp-content\/uploads\/2026\/04\/aixs.png 1600w\" sizes=\"auto, (max-width: 1024px) 100vw, 1024px\" \/>\t\t\t\t\t\t<\/div>\n\t\t\t\t\t\t\t\t\t\t<div class=\"content\">\n\t\t\t\t\t\t<h3 class=\"column-title\">V\u00e4lkommen till Svensk Elektroniks v\u00e5r- och \u00e5rsm\u00f6te 20 maj 2026<\/h3>\n\t\t\t\t\t\t<p class=\"column-text\">I \u00e5r har vi gl\u00e4djen att ses hos Axis Communications i Lund \u2013 ett av Sveriges mest framg\u00e5ngsrika teknikf\u00f6retag och en global ledare inom n\u00e4tverksvideo och s\u00e4kerhetsl\u00f6sningar. Tillsammans forts\u00e4tter vi att utveckla och st\u00e4rka den svenska elektronikindustrin!<\/p>\n\t\t\t\t\t\t\t\t\t\t\t\t\t<a href=\"https:\/\/svensk-elektronik.ungapped.io\/Events\/1404e156-b218-454f-aa00-af72c570af16\" class=\"column-link button\">\n\t\t\t\t\t\t\t\tL\u00e4s mer\t\t\t\t\t\t\t<\/a>\n\t\t\t\t\t\t\t\t\t\t\t<\/div>\n\t\t\t\t<\/div>\n\t\t\t\t\t\t\t<div class=\"column has-image\">\n\t\t\t\t\t \n\t\t\t\t\t\t<div class=\"image\">\n\t\t\t\t\t\t\t<img loading=\"lazy\" decoding=\"async\" width=\"400\" height=\"338\" src=\"https:\/\/svenskelektronik.se\/wp-content\/uploads\/2026\/02\/Skarmbild-2026-03-29-170036.png\" class=\"attachment-large size-large\" alt=\"\" srcset=\"https:\/\/svenskelektronik.se\/wp-content\/uploads\/2026\/02\/Skarmbild-2026-03-29-170036.png 400w, https:\/\/svenskelektronik.se\/wp-content\/uploads\/2026\/02\/Skarmbild-2026-03-29-170036-300x254.png 300w, https:\/\/svenskelektronik.se\/wp-content\/uploads\/2026\/02\/Skarmbild-2026-03-29-170036-14x12.png 14w\" sizes=\"auto, (max-width: 400px) 100vw, 400px\" \/>\t\t\t\t\t\t<\/div>\n\t\t\t\t\t\t\t\t\t\t<div class=\"content\">\n\t\t\t\t\t\t<h3 class=\"column-title\">Du missar v\u00e4l inte Elektronikgolfen 28 maj?<\/h3>\n\t\t\t\t\t\t<p class=\"column-text\">Vi har n\u00f6jet att tillsammans med Elektroniktidningen, Arrow Electronics och Easyfairs bjuda in till Elektronikgolfen 2026, en rolig dag fylld med n\u00e4tverkande med nya och gamla kontakter samtidigt som vi spela golf &#8211; i lag!<\/p>\n\t\t\t\t\t\t\t\t\t\t\t\t\t<a href=\"https:\/\/svensk-elektronik.ungapped.io\/Events\/6d1738bb-5695-4d7d-b4ca-1c9e8bd3f842\" class=\"column-link button\">\n\t\t\t\t\t\t\t\tL\u00e4s mer och anm\u00e4l dig nu!\t\t\t\t\t\t\t<\/a>\n\t\t\t\t\t\t\t\t\t\t\t<\/div>\n\t\t\t\t<\/div>\n\t\t\t\t\t<\/div>\n\t<\/div>\n<\/section>\n\n\n<div style=\"height:40px\" aria-hidden=\"true\" class=\"wp-block-spacer\"><\/div>\n\n\n<section  class=\"tebab-block-posts_carousel alignwide type-focus_area\">\n            <h2>Fokusomr\u00e5den<\/h2>\n    \n            <div class=\"carousel-wrapper \">\n                                            <div class=\"focus-area-card\">\n    \n            <div class=\"featured_image\">\n            <img loading=\"lazy\" decoding=\"async\" width=\"1024\" height=\"576\" src=\"https:\/\/svenskelektronik.se\/wp-content\/uploads\/2024\/11\/shutterstock_1734236363-1024x576.jpg\" class=\"attachment-large size-large\" alt=\"\" srcset=\"https:\/\/svenskelektronik.se\/wp-content\/uploads\/2024\/11\/shutterstock_1734236363-1024x576.jpg 1024w, https:\/\/svenskelektronik.se\/wp-content\/uploads\/2024\/11\/shutterstock_1734236363-300x169.jpg 300w, https:\/\/svenskelektronik.se\/wp-content\/uploads\/2024\/11\/shutterstock_1734236363-768x432.jpg 768w, https:\/\/svenskelektronik.se\/wp-content\/uploads\/2024\/11\/shutterstock_1734236363-1536x864.jpg 1536w, https:\/\/svenskelektronik.se\/wp-content\/uploads\/2024\/11\/shutterstock_1734236363.jpg 1778w\" sizes=\"auto, (max-width: 1024px) 100vw, 1024px\" \/>        <\/div>\n    \n    <div class=\"content-wrapper\">\n        <h3><a tabindex=\"-1\" href=\"https:\/\/svenskelektronik.se\/en\/fokusomraden\/effektiva-leveranskedjor\/\">Effektiva leveranskedjor\u00a0<\/a><\/h3>\n\n        \n        <a class=\"read-more\" href=\"https:\/\/svenskelektronik.se\/en\/fokusomraden\/effektiva-leveranskedjor\/\">L\u00e4s mer<span class=\"screenreader\"> om Effektiva leveranskedjor\u00a0<\/span><div class=\"icon-chevron-right\"><\/div><\/a>\n    <\/div>\n<\/div>                                            <div class=\"focus-area-card\">\n    \n            <div class=\"featured_image\">\n            <img loading=\"lazy\" decoding=\"async\" width=\"1024\" height=\"576\" src=\"https:\/\/svenskelektronik.se\/wp-content\/uploads\/2024\/11\/shutterstock_2492758791-1024x576.jpg\" class=\"attachment-large size-large\" alt=\"\" srcset=\"https:\/\/svenskelektronik.se\/wp-content\/uploads\/2024\/11\/shutterstock_2492758791-1024x576.jpg 1024w, https:\/\/svenskelektronik.se\/wp-content\/uploads\/2024\/11\/shutterstock_2492758791-300x169.jpg 300w, https:\/\/svenskelektronik.se\/wp-content\/uploads\/2024\/11\/shutterstock_2492758791-768x432.jpg 768w, https:\/\/svenskelektronik.se\/wp-content\/uploads\/2024\/11\/shutterstock_2492758791-1536x864.jpg 1536w, https:\/\/svenskelektronik.se\/wp-content\/uploads\/2024\/11\/shutterstock_2492758791-2048x1152.jpg 2048w, https:\/\/svenskelektronik.se\/wp-content\/uploads\/2024\/11\/shutterstock_2492758791-1920x1080.jpg 1920w\" sizes=\"auto, (max-width: 1024px) 100vw, 1024px\" \/>        <\/div>\n    \n    <div class=\"content-wrapper\">\n        <h3><a tabindex=\"-1\" href=\"https:\/\/svenskelektronik.se\/en\/fokusomraden\/elektronikproduktion\/\">Elektronikproduktion<\/a><\/h3>\n\n        \n        <a class=\"read-more\" href=\"https:\/\/svenskelektronik.se\/en\/fokusomraden\/elektronikproduktion\/\">L\u00e4s mer<span class=\"screenreader\"> om Elektronikproduktion<\/span><div class=\"icon-chevron-right\"><\/div><\/a>\n    <\/div>\n<\/div>                                            <div class=\"focus-area-card\">\n    \n            <div class=\"featured_image\">\n            <img loading=\"lazy\" decoding=\"async\" width=\"1024\" height=\"644\" src=\"https:\/\/svenskelektronik.se\/wp-content\/uploads\/2024\/10\/shutterstock_2316960273_-1-1024x644.jpg\" class=\"attachment-large size-large\" alt=\"\" srcset=\"https:\/\/svenskelektronik.se\/wp-content\/uploads\/2024\/10\/shutterstock_2316960273_-1-1024x644.jpg 1024w, https:\/\/svenskelektronik.se\/wp-content\/uploads\/2024\/10\/shutterstock_2316960273_-1-300x189.jpg 300w, https:\/\/svenskelektronik.se\/wp-content\/uploads\/2024\/10\/shutterstock_2316960273_-1-768x483.jpg 768w, https:\/\/svenskelektronik.se\/wp-content\/uploads\/2024\/10\/shutterstock_2316960273_-1.jpg 1500w\" sizes=\"auto, (max-width: 1024px) 100vw, 1024px\" \/>        <\/div>\n    \n    <div class=\"content-wrapper\">\n        <h3><a tabindex=\"-1\" href=\"https:\/\/svenskelektronik.se\/en\/fokusomraden\/den-strategiskt-viktiga-halvledarfragan\/\">Den strategiskt viktiga halvledarfr\u00e5gan<\/a><\/h3>\n\n        \n        <a class=\"read-more\" href=\"https:\/\/svenskelektronik.se\/en\/fokusomraden\/den-strategiskt-viktiga-halvledarfragan\/\">L\u00e4s mer<span class=\"screenreader\"> om Den strategiskt viktiga halvledarfr\u00e5gan<\/span><div class=\"icon-chevron-right\"><\/div><\/a>\n    <\/div>\n<\/div>                                            <div class=\"focus-area-card\">\n    \n            <div class=\"featured_image\">\n            <img loading=\"lazy\" decoding=\"async\" width=\"1024\" height=\"682\" src=\"https:\/\/svenskelektronik.se\/wp-content\/uploads\/2024\/03\/hallbarhet2-1024x682.jpg\" class=\"attachment-large size-large\" alt=\"\" srcset=\"https:\/\/svenskelektronik.se\/wp-content\/uploads\/2024\/03\/hallbarhet2-1024x682.jpg 1024w, https:\/\/svenskelektronik.se\/wp-content\/uploads\/2024\/03\/hallbarhet2-300x200.jpg 300w, https:\/\/svenskelektronik.se\/wp-content\/uploads\/2024\/03\/hallbarhet2-768x512.jpg 768w, https:\/\/svenskelektronik.se\/wp-content\/uploads\/2024\/03\/hallbarhet2-1536x1024.jpg 1536w, https:\/\/svenskelektronik.se\/wp-content\/uploads\/2024\/03\/hallbarhet2-1620x1080.jpg 1620w, https:\/\/svenskelektronik.se\/wp-content\/uploads\/2024\/03\/hallbarhet2.jpg 2000w\" sizes=\"auto, (max-width: 1024px) 100vw, 1024px\" \/>        <\/div>\n    \n    <div class=\"content-wrapper\">\n        <h3><a tabindex=\"-1\" href=\"https:\/\/svenskelektronik.se\/en\/fokusomraden\/hallbar-utveckling\/\">H\u00e5llbar utveckling<\/a><\/h3>\n\n        \n        <a class=\"read-more\" href=\"https:\/\/svenskelektronik.se\/en\/fokusomraden\/hallbar-utveckling\/\">L\u00e4s mer<span class=\"screenreader\"> om H\u00e5llbar utveckling<\/span><div class=\"icon-chevron-right\"><\/div><\/a>\n    <\/div>\n<\/div>                                            <div class=\"focus-area-card\">\n    \n            <div class=\"featured_image\">\n            <img loading=\"lazy\" decoding=\"async\" width=\"1024\" height=\"576\" src=\"https:\/\/svenskelektronik.se\/wp-content\/uploads\/2024\/03\/development-1024x576.jpg\" class=\"attachment-large size-large\" alt=\"\" srcset=\"https:\/\/svenskelektronik.se\/wp-content\/uploads\/2024\/03\/development-1024x576.jpg 1024w, https:\/\/svenskelektronik.se\/wp-content\/uploads\/2024\/03\/development-300x169.jpg 300w, https:\/\/svenskelektronik.se\/wp-content\/uploads\/2024\/03\/development-768x432.jpg 768w, https:\/\/svenskelektronik.se\/wp-content\/uploads\/2024\/03\/development-1536x864.jpg 1536w, https:\/\/svenskelektronik.se\/wp-content\/uploads\/2024\/03\/development-1920x1080.jpg 1920w, https:\/\/svenskelektronik.se\/wp-content\/uploads\/2024\/03\/development.jpg 2000w\" sizes=\"auto, (max-width: 1024px) 100vw, 1024px\" \/>        <\/div>\n    \n    <div class=\"content-wrapper\">\n        <h3><a tabindex=\"-1\" href=\"https:\/\/svenskelektronik.se\/en\/fokusomraden\/satsa-pa-framtidens-elektronik\/\">Forskning &amp; Innovation<\/a><\/h3>\n\n        \n        <a class=\"read-more\" href=\"https:\/\/svenskelektronik.se\/en\/fokusomraden\/satsa-pa-framtidens-elektronik\/\">L\u00e4s mer<span class=\"screenreader\"> om Forskning &amp; Innovation<\/span><div class=\"icon-chevron-right\"><\/div><\/a>\n    <\/div>\n<\/div>                                            <div class=\"focus-area-card\">\n    \n            <div class=\"featured_image\">\n            <img loading=\"lazy\" decoding=\"async\" width=\"1024\" height=\"684\" src=\"https:\/\/svenskelektronik.se\/wp-content\/uploads\/2024\/02\/unga-i-branschen-1024x684.jpg\" class=\"attachment-large size-large\" alt=\"\" srcset=\"https:\/\/svenskelektronik.se\/wp-content\/uploads\/2024\/02\/unga-i-branschen-1024x684.jpg 1024w, https:\/\/svenskelektronik.se\/wp-content\/uploads\/2024\/02\/unga-i-branschen-300x200.jpg 300w, https:\/\/svenskelektronik.se\/wp-content\/uploads\/2024\/02\/unga-i-branschen-768x513.jpg 768w, https:\/\/svenskelektronik.se\/wp-content\/uploads\/2024\/02\/unga-i-branschen-1536x1025.jpg 1536w, https:\/\/svenskelektronik.se\/wp-content\/uploads\/2024\/02\/unga-i-branschen-1618x1080.jpg 1618w, https:\/\/svenskelektronik.se\/wp-content\/uploads\/2024\/02\/unga-i-branschen.jpg 2000w\" sizes=\"auto, (max-width: 1024px) 100vw, 1024px\" \/>        <\/div>\n    \n    <div class=\"content-wrapper\">\n        <h3><a tabindex=\"-1\" href=\"https:\/\/svenskelektronik.se\/en\/fokusomraden\/sakra-framtidens-kompetens\/\">Framtidens kompetens<\/a><\/h3>\n\n        \n        <a class=\"read-more\" href=\"https:\/\/svenskelektronik.se\/en\/fokusomraden\/sakra-framtidens-kompetens\/\">L\u00e4s mer<span class=\"screenreader\"> om Framtidens kompetens<\/span><div class=\"icon-chevron-right\"><\/div><\/a>\n    <\/div>\n<\/div>                                <\/div>\n    \n<\/section>\n\n\n<div style=\"height:40px\" aria-hidden=\"true\" class=\"wp-block-spacer\"><\/div>\n\n\n<section  class=\"tebab-block-posts_carousel alignwide type-post\">\n            <h2>Nyheter<\/h2>\n    \n            <div class=\"carousel-wrapper grab-to-scroll\">\n                                            <div class=\"post-carousel-card type-post\">\n    \n            <div class=\"featured_image\">\n            <img loading=\"lazy\" decoding=\"async\" width=\"300\" height=\"200\" src=\"https:\/\/svenskelektronik.se\/wp-content\/uploads\/2024\/10\/shutterstock_2430088585-2-300x200.jpg\" class=\"attachment-medium size-medium\" alt=\"\" srcset=\"https:\/\/svenskelektronik.se\/wp-content\/uploads\/2024\/10\/shutterstock_2430088585-2-300x200.jpg 300w, https:\/\/svenskelektronik.se\/wp-content\/uploads\/2024\/10\/shutterstock_2430088585-2-1024x683.jpg 1024w, https:\/\/svenskelektronik.se\/wp-content\/uploads\/2024\/10\/shutterstock_2430088585-2-768x512.jpg 768w, https:\/\/svenskelektronik.se\/wp-content\/uploads\/2024\/10\/shutterstock_2430088585-2-1536x1024.jpg 1536w, https:\/\/svenskelektronik.se\/wp-content\/uploads\/2024\/10\/shutterstock_2430088585-2-2048x1365.jpg 2048w, https:\/\/svenskelektronik.se\/wp-content\/uploads\/2024\/10\/shutterstock_2430088585-2-1620x1080.jpg 1620w\" sizes=\"auto, (max-width: 300px) 100vw, 300px\" \/>        <\/div>\n    \n    <div class=\"content-wrapper\">\n        <div class=\"top\">\n                            <div class=\"categories\">\n                    <a tabindex=\"-1\" class=\"tag\" href=\"https:\/\/svenskelektronik.se\/en\/nyheter\/?category=direktiv\">Direktiv<\/a>                <\/div>\n            \n            <div class=\"date\">\n                2026.03.06            <\/div>\n        <\/div>\n        \n        <h3><a tabindex=\"-1\" href=\"https:\/\/svenskelektronik.se\/en\/nis2-direktivet-har-tratt-i-kraft-vad-innebar-det-for-elektronikbranschen\/\">NIS2-direktivet har tr\u00e4tt i kraft \u2013 vad inneb\u00e4r det f\u00f6r elektronikindustrin?<\/a><\/h3>\n\n        \n        <div class=\"excerpt\">\n            <p>EU:s nya cybers\u00e4kerhetsdirektiv, NIS2, har nu inf\u00f6rts i svensk lag. Syftet \u00e4r att st\u00e4rka motst\u00e5ndskraften mot cyberhot i samh\u00e4llsviktiga och digitalt beroende verksamheter. F\u00f6r elektronikf\u00f6retag kan det inneb\u00e4ra nya krav p\u00e5 riskhantering, cybers\u00e4kerhet och incidentrapportering. Fler f\u00f6retag kan p\u00e5verkas NIS2 omfattar fler sektorer \u00e4n det tidigare direktivet, inklusive: F\u00f6retag som levererar teknik till kritisk infrastruktur [&hellip;]<\/p>\n        <\/div>\n\n                    <a class=\"read-more\" href=\"https:\/\/svenskelektronik.se\/en\/nis2-direktivet-har-tratt-i-kraft-vad-innebar-det-for-elektronikbranschen\/\">\n            L\u00e4s mer            <span class=\"screenreader\"> om NIS2-direktivet har tr\u00e4tt i kraft \u2013 vad inneb\u00e4r det f\u00f6r elektronikindustrin?<\/span><div class=\"icon-chevron-right\"><\/div>\n        <\/a>\n            <\/div>\n<\/div>                                            <div class=\"post-carousel-card type-post\">\n    \n            <div class=\"featured_image\">\n            <img loading=\"lazy\" decoding=\"async\" width=\"300\" height=\"225\" src=\"https:\/\/svenskelektronik.se\/wp-content\/uploads\/2025\/12\/fmv-mote-certifiering-mjuklodning-300x225.jpg\" class=\"attachment-medium size-medium\" alt=\"\" srcset=\"https:\/\/svenskelektronik.se\/wp-content\/uploads\/2025\/12\/fmv-mote-certifiering-mjuklodning-300x225.jpg 300w, https:\/\/svenskelektronik.se\/wp-content\/uploads\/2025\/12\/fmv-mote-certifiering-mjuklodning-1024x768.jpg 1024w, https:\/\/svenskelektronik.se\/wp-content\/uploads\/2025\/12\/fmv-mote-certifiering-mjuklodning-768x576.jpg 768w, https:\/\/svenskelektronik.se\/wp-content\/uploads\/2025\/12\/fmv-mote-certifiering-mjuklodning-1536x1152.jpg 1536w, https:\/\/svenskelektronik.se\/wp-content\/uploads\/2025\/12\/fmv-mote-certifiering-mjuklodning-2048x1536.jpg 2048w, https:\/\/svenskelektronik.se\/wp-content\/uploads\/2025\/12\/fmv-mote-certifiering-mjuklodning-16x12.jpg 16w, https:\/\/svenskelektronik.se\/wp-content\/uploads\/2025\/12\/fmv-mote-certifiering-mjuklodning-1440x1080.jpg 1440w\" sizes=\"auto, (max-width: 300px) 100vw, 300px\" \/>        <\/div>\n    \n    <div class=\"content-wrapper\">\n        <div class=\"top\">\n                            <div class=\"categories\">\n                    <a tabindex=\"-1\" class=\"tag\" href=\"https:\/\/svenskelektronik.se\/en\/nyheter\/?category=nyhet\">Nyhet<\/a>                <\/div>\n            \n            <div class=\"date\">\n                2025.12.10            <\/div>\n        <\/div>\n        \n        <h3><a tabindex=\"-1\" href=\"https:\/\/svenskelektronik.se\/en\/pa-plats-for-att-starka-framtidens-utbildning-och-certifiering-inom-mjuklodning\/\">P\u00e5 plats f\u00f6r att st\u00e4rka framtidens utbildning och certifiering inom mjukl\u00f6dning<\/a><\/h3>\n\n        \n        <div class=\"excerpt\">\n            <p>Svensk Elektronik deltog&nbsp;nyligen&nbsp;i ett v\u00e4lbes\u00f6kt branschm\u00f6te arrangerat av FMV (F\u00f6rsvarets Materielverk),&nbsp;d\u00e4r ett tjugotal representanter fr\u00e5n utbildningsenheter och industrin samlades f\u00f6r att diskutera hur utbildning och certifiering inom&nbsp;mjukl\u00f6dning\u202fst\u00e4rkas f\u00f6r svensk f\u00f6rsvarsindustri.&nbsp; Sverige har en l\u00e5ng tradition av h\u00f6ga kvalitetskrav inom&nbsp;omr\u00e5det&nbsp;\u2013 inte minst tack vare flygvapnets tidiga insikter redan p\u00e5 1950-talet och utvecklingen av v\u00e5ra nationella f\u00f6rsvarsstandarder [&hellip;]<\/p>\n        <\/div>\n\n                    <a class=\"read-more\" href=\"https:\/\/svenskelektronik.se\/en\/pa-plats-for-att-starka-framtidens-utbildning-och-certifiering-inom-mjuklodning\/\">\n            L\u00e4s mer            <span class=\"screenreader\"> om P\u00e5 plats f\u00f6r att st\u00e4rka framtidens utbildning och certifiering inom mjukl\u00f6dning<\/span><div class=\"icon-chevron-right\"><\/div>\n        <\/a>\n            <\/div>\n<\/div>                                            <div class=\"post-carousel-card type-post\">\n    \n            <div class=\"featured_image\">\n            <img loading=\"lazy\" decoding=\"async\" width=\"300\" height=\"203\" src=\"https:\/\/svenskelektronik.se\/wp-content\/uploads\/2024\/11\/shutterstock_2470376111-Converted-300x203.jpg\" class=\"attachment-medium size-medium\" alt=\"\" srcset=\"https:\/\/svenskelektronik.se\/wp-content\/uploads\/2024\/11\/shutterstock_2470376111-Converted-300x203.jpg 300w, https:\/\/svenskelektronik.se\/wp-content\/uploads\/2024\/11\/shutterstock_2470376111-Converted-1024x694.jpg 1024w, https:\/\/svenskelektronik.se\/wp-content\/uploads\/2024\/11\/shutterstock_2470376111-Converted-768x521.jpg 768w, https:\/\/svenskelektronik.se\/wp-content\/uploads\/2024\/11\/shutterstock_2470376111-Converted-1536x1041.jpg 1536w, https:\/\/svenskelektronik.se\/wp-content\/uploads\/2024\/11\/shutterstock_2470376111-Converted-2048x1388.jpg 2048w, https:\/\/svenskelektronik.se\/wp-content\/uploads\/2024\/11\/shutterstock_2470376111-Converted-1593x1080.jpg 1593w\" sizes=\"auto, (max-width: 300px) 100vw, 300px\" \/>        <\/div>\n    \n    <div class=\"content-wrapper\">\n        <div class=\"top\">\n                            <div class=\"categories\">\n                    <a tabindex=\"-1\" class=\"tag\" href=\"https:\/\/svenskelektronik.se\/en\/nyheter\/?category=nyhet\">Nyhet<\/a><a tabindex=\"-1\" class=\"tag\" href=\"https:\/\/svenskelektronik.se\/en\/nyheter\/?category=pressmeddelande\">Pressmeddelande<\/a>                <\/div>\n            \n            <div class=\"date\">\n                2025.12.08            <\/div>\n        <\/div>\n        \n        <h3><a tabindex=\"-1\" href=\"https:\/\/svenskelektronik.se\/en\/svensk-elektronik-beviljas-projektet-re-lektronik\/\">Svensk Elektronik beviljas projekt inom Net Zero Industry<\/a><\/h3>\n\n        \n        <div class=\"excerpt\">\n            <p>\u2013 ska leda nationell satsning f\u00f6r cirkul\u00e4r och motst\u00e5ndskraftig elektronikproduktion Svensk Elektronik har tillsammans med sex samarbetspartners beviljats finansiering inom Net Zero Industry f\u00f6r ett tre\u00e5rigt projekt med start 1 december 2025. Syftet med projektet \u00e4r att driva utvecklingen mot en mer cirkul\u00e4r, resurseffektiv och robust svensk elektronikproduktion. Projektet samlar industri, forskning och \u00e5tervinningsakt\u00f6rer i [&hellip;]<\/p>\n        <\/div>\n\n                    <a class=\"read-more\" href=\"https:\/\/svenskelektronik.se\/en\/svensk-elektronik-beviljas-projektet-re-lektronik\/\">\n            L\u00e4s mer            <span class=\"screenreader\"> om Svensk Elektronik beviljas projekt inom Net Zero Industry<\/span><div class=\"icon-chevron-right\"><\/div>\n        <\/a>\n            <\/div>\n<\/div>                                            <div class=\"post-carousel-card type-post\">\n    \n            <div class=\"featured_image\">\n            <img loading=\"lazy\" decoding=\"async\" width=\"300\" height=\"169\" src=\"https:\/\/svenskelektronik.se\/wp-content\/uploads\/2025\/11\/20251119_110329-300x169.jpg\" class=\"attachment-medium size-medium\" alt=\"\" srcset=\"https:\/\/svenskelektronik.se\/wp-content\/uploads\/2025\/11\/20251119_110329-300x169.jpg 300w, https:\/\/svenskelektronik.se\/wp-content\/uploads\/2025\/11\/20251119_110329-1024x577.jpg 1024w, https:\/\/svenskelektronik.se\/wp-content\/uploads\/2025\/11\/20251119_110329-768x432.jpg 768w, https:\/\/svenskelektronik.se\/wp-content\/uploads\/2025\/11\/20251119_110329-1536x865.jpg 1536w, https:\/\/svenskelektronik.se\/wp-content\/uploads\/2025\/11\/20251119_110329-2048x1153.jpg 2048w, https:\/\/svenskelektronik.se\/wp-content\/uploads\/2025\/11\/20251119_110329-18x10.jpg 18w, https:\/\/svenskelektronik.se\/wp-content\/uploads\/2025\/11\/20251119_110329-1918x1080.jpg 1918w\" sizes=\"auto, (max-width: 300px) 100vw, 300px\" \/>        <\/div>\n    \n    <div class=\"content-wrapper\">\n        <div class=\"top\">\n                            <div class=\"categories\">\n                    <a tabindex=\"-1\" class=\"tag\" href=\"https:\/\/svenskelektronik.se\/en\/nyheter\/?category=nyhet\">Nyhet<\/a>                <\/div>\n            \n            <div class=\"date\">\n                2025.11.21            <\/div>\n        <\/div>\n        \n        <h3><a tabindex=\"-1\" href=\"https:\/\/svenskelektronik.se\/en\/givande-hostmote-hos-trimble\/\">Givande h\u00f6stm\u00f6te hos Trimble<\/a><\/h3>\n\n        \n        <div class=\"excerpt\">\n            <p>Den 19 november samlades m\u00e5nga av v\u00e5ra medlemsf\u00f6retag\u00a0f\u00f6r ett inspirerande och inneh\u00e5llsrikt H\u00f6stm\u00f6te hos Trimble i Danderyd \u2013 och vilken fantastisk dag det blev! Varmt tack till Trimble\u00a0och dagens v\u00e4rd Jan Lindblom och Mikael Nordenfelt\u00a0f\u00f6r en engagerande och insiktsfull presentation som gav oss en tydlig bild av er framg\u00e5ngsrika och sp\u00e4nnande verksamhet. Ett s\u00e4rskilt tack [&hellip;]<\/p>\n        <\/div>\n\n                    <a class=\"read-more\" href=\"https:\/\/svenskelektronik.se\/en\/givande-hostmote-hos-trimble\/\">\n            L\u00e4s mer            <span class=\"screenreader\"> om Givande h\u00f6stm\u00f6te hos Trimble<\/span><div class=\"icon-chevron-right\"><\/div>\n        <\/a>\n            <\/div>\n<\/div>                                            <div class=\"post-carousel-card type-post\">\n    \n            <div class=\"featured_image\">\n            <img loading=\"lazy\" decoding=\"async\" width=\"300\" height=\"225\" src=\"https:\/\/svenskelektronik.se\/wp-content\/uploads\/2025\/11\/Naringslivets_hus_2012-300x225.jpg\" class=\"attachment-medium size-medium\" alt=\"\" srcset=\"https:\/\/svenskelektronik.se\/wp-content\/uploads\/2025\/11\/Naringslivets_hus_2012-300x225.jpg 300w, https:\/\/svenskelektronik.se\/wp-content\/uploads\/2025\/11\/Naringslivets_hus_2012-1024x767.jpg 1024w, https:\/\/svenskelektronik.se\/wp-content\/uploads\/2025\/11\/Naringslivets_hus_2012-768x575.jpg 768w, https:\/\/svenskelektronik.se\/wp-content\/uploads\/2025\/11\/Naringslivets_hus_2012-1536x1151.jpg 1536w, https:\/\/svenskelektronik.se\/wp-content\/uploads\/2025\/11\/Naringslivets_hus_2012-2048x1534.jpg 2048w, https:\/\/svenskelektronik.se\/wp-content\/uploads\/2025\/11\/Naringslivets_hus_2012-16x12.jpg 16w, https:\/\/svenskelektronik.se\/wp-content\/uploads\/2025\/11\/Naringslivets_hus_2012-1442x1080.jpg 1442w\" sizes=\"auto, (max-width: 300px) 100vw, 300px\" \/>        <\/div>\n    \n    <div class=\"content-wrapper\">\n        <div class=\"top\">\n                            <div class=\"categories\">\n                    <a tabindex=\"-1\" class=\"tag\" href=\"https:\/\/svenskelektronik.se\/en\/nyheter\/?category=nyhet\">Nyhet<\/a>                <\/div>\n            \n            <div class=\"date\">\n                2025.11.21            <\/div>\n        <\/div>\n        \n        <h3><a tabindex=\"-1\" href=\"https:\/\/svenskelektronik.se\/en\/nu-har-flyttladorna-landat-i-naringslivets-hus\/\">Nu har flyttl\u00e5dorna landat i N\u00e4ringslivets Hus<\/a><\/h3>\n\n        \n        <div class=\"excerpt\">\n            <p>Svensk Elektronik har nu flyttat in i N\u00e4ringslivet hus p\u00e5 Storgatan 19 i Stockholm \u2013 en strategiskt viktig placering som st\u00e4rker b\u00e5de v\u00e5r n\u00e4rvaro och roll i det svenska n\u00e4ringslivet. Den nya adressen, d\u00e4r bland annat Svenskt N\u00e4ringsliv huserar, f\u00f6r oss n\u00e4rmare flera centrala akt\u00f6rer inom industrin och g\u00f6r det l\u00e4ttare att bevaka och p\u00e5verka [&hellip;]<\/p>\n        <\/div>\n\n                    <a class=\"read-more\" href=\"https:\/\/svenskelektronik.se\/en\/nu-har-flyttladorna-landat-i-naringslivets-hus\/\">\n            L\u00e4s mer            <span class=\"screenreader\"> om Nu har flyttl\u00e5dorna landat i N\u00e4ringslivets Hus<\/span><div class=\"icon-chevron-right\"><\/div>\n        <\/a>\n            <\/div>\n<\/div>                                            <div class=\"post-carousel-card type-post\">\n    \n            <div class=\"featured_image\">\n            <img loading=\"lazy\" decoding=\"async\" width=\"300\" height=\"171\" src=\"https:\/\/svenskelektronik.se\/wp-content\/uploads\/2025\/10\/image-300x171.jpeg\" class=\"attachment-medium size-medium\" alt=\"\" srcset=\"https:\/\/svenskelektronik.se\/wp-content\/uploads\/2025\/10\/image-300x171.jpeg 300w, https:\/\/svenskelektronik.se\/wp-content\/uploads\/2025\/10\/image-1024x583.jpeg 1024w, https:\/\/svenskelektronik.se\/wp-content\/uploads\/2025\/10\/image-768x437.jpeg 768w, https:\/\/svenskelektronik.se\/wp-content\/uploads\/2025\/10\/image.jpeg 1240w\" sizes=\"auto, (max-width: 300px) 100vw, 300px\" \/>        <\/div>\n    \n    <div class=\"content-wrapper\">\n        <div class=\"top\">\n                            <div class=\"categories\">\n                    <a tabindex=\"-1\" class=\"tag\" href=\"https:\/\/svenskelektronik.se\/en\/nyheter\/?category=remissvar\">Remissvar<\/a>                <\/div>\n            \n            <div class=\"date\">\n                2025.10.13            <\/div>\n        <\/div>\n        \n        <h3><a tabindex=\"-1\" href=\"https:\/\/svenskelektronik.se\/en\/svensk-elektronik-har-lamnat-remissvar-om-digitala-produktpass-dpp\/\">Svensk Elektronik har l\u00e4mnat remissvar om\u00a0Digitala\u00a0Produktpass\u00a0(DPP)<\/a><\/h3>\n\n        \n        <div class=\"excerpt\">\n            <p>EU lyfter\u00a0Digitala\u00a0Produktpass\u00a0(DPP)\u00a0som en nyckelkomponent f\u00f6r att n\u00e5 en cirkul\u00e4r och h\u00e5llbar ekonomi. DPP ska g\u00f6ra det m\u00f6jligt att enkelt skanna en produkt och f\u00e5 tillg\u00e5ng till kritisk information om allt fr\u00e5n r\u00e5materialets ursprung och milj\u00f6p\u00e5verkan\u00a0till reparations- och \u00e5tervinningsm\u00f6jligheter. Detta direktiv kommer troligen tr\u00e4da i kraft f\u00f6r elektronik under 2028. F\u00f6r att detta ska fungera s\u00f6ml\u00f6st [&hellip;]<\/p>\n        <\/div>\n\n                    <a class=\"read-more\" href=\"https:\/\/svenskelektronik.se\/en\/svensk-elektronik-har-lamnat-remissvar-om-digitala-produktpass-dpp\/\">\n            L\u00e4s mer            <span class=\"screenreader\"> om Svensk Elektronik har l\u00e4mnat remissvar om\u00a0Digitala\u00a0Produktpass\u00a0(DPP)<\/span><div class=\"icon-chevron-right\"><\/div>\n        <\/a>\n            <\/div>\n<\/div>                                            <div class=\"post-carousel-card type-post\">\n    \n            <div class=\"featured_image\">\n            <img loading=\"lazy\" decoding=\"async\" width=\"300\" height=\"158\" src=\"https:\/\/svenskelektronik.se\/wp-content\/uploads\/2025\/10\/AdobeStock_483004683-300x158.jpeg\" class=\"attachment-medium size-medium\" alt=\"\" srcset=\"https:\/\/svenskelektronik.se\/wp-content\/uploads\/2025\/10\/AdobeStock_483004683-300x158.jpeg 300w, https:\/\/svenskelektronik.se\/wp-content\/uploads\/2025\/10\/AdobeStock_483004683-1024x540.jpeg 1024w, https:\/\/svenskelektronik.se\/wp-content\/uploads\/2025\/10\/AdobeStock_483004683-768x405.jpeg 768w, https:\/\/svenskelektronik.se\/wp-content\/uploads\/2025\/10\/AdobeStock_483004683-1536x810.jpeg 1536w, https:\/\/svenskelektronik.se\/wp-content\/uploads\/2025\/10\/AdobeStock_483004683-2048x1080.jpeg 2048w, https:\/\/svenskelektronik.se\/wp-content\/uploads\/2025\/10\/AdobeStock_483004683-1920x1013.jpeg 1920w\" sizes=\"auto, (max-width: 300px) 100vw, 300px\" \/>        <\/div>\n    \n    <div class=\"content-wrapper\">\n        <div class=\"top\">\n                            <div class=\"categories\">\n                    <a tabindex=\"-1\" class=\"tag\" href=\"https:\/\/svenskelektronik.se\/en\/nyheter\/?category=debatt\">Debatt<\/a>                <\/div>\n            \n            <div class=\"date\">\n                2025.10.09            <\/div>\n        <\/div>\n        \n        <h3><a tabindex=\"-1\" href=\"https:\/\/svenskelektronik.se\/en\/nu-ar-det-dags-att-leverera-resultat-for-halvledarindustrin\/\">Nu \u00e4r det dags att leverera resultat f\u00f6r halvledarindustrin!<\/a><\/h3>\n\n        \n        <div class=\"excerpt\">\n            <p>Europa st\u00e5r inf\u00f6r en avg\u00f6rande framtidsfr\u00e5ga: utan en tydlig och l\u00e5ngsiktig halvledarstrategi riskerar vi att bli alltf\u00f6r s\u00e5rbara i en v\u00e4rld d\u00e4r teknologin styr b\u00e5de ekonomi och s\u00e4kerhet. Sverige har denna vecka markerat att EU m\u00e5ste agera f\u00f6r att bygga motst\u00e5ndskraft, minska beroendet och st\u00e4rka v\u00e5r globala konkurrenskraft. Halvledare \u00e4r den globala teknologiska utvecklingens hj\u00e4rta [&hellip;]<\/p>\n        <\/div>\n\n                    <a class=\"read-more\" href=\"https:\/\/svenskelektronik.se\/en\/nu-ar-det-dags-att-leverera-resultat-for-halvledarindustrin\/\">\n            L\u00e4s mer            <span class=\"screenreader\"> om Nu \u00e4r det dags att leverera resultat f\u00f6r halvledarindustrin!<\/span><div class=\"icon-chevron-right\"><\/div>\n        <\/a>\n            <\/div>\n<\/div>                                            <div class=\"post-carousel-card type-post\">\n    \n            <div class=\"featured_image\">\n            <img loading=\"lazy\" decoding=\"async\" width=\"300\" height=\"200\" src=\"https:\/\/svenskelektronik.se\/wp-content\/uploads\/2025\/09\/50e78661-46e5-413e-8ea6-b2741d2b17ca-300x200.jpg\" class=\"attachment-medium size-medium\" alt=\"\" srcset=\"https:\/\/svenskelektronik.se\/wp-content\/uploads\/2025\/09\/50e78661-46e5-413e-8ea6-b2741d2b17ca-300x200.jpg 300w, https:\/\/svenskelektronik.se\/wp-content\/uploads\/2025\/09\/50e78661-46e5-413e-8ea6-b2741d2b17ca-1024x683.jpg 1024w, https:\/\/svenskelektronik.se\/wp-content\/uploads\/2025\/09\/50e78661-46e5-413e-8ea6-b2741d2b17ca-768x512.jpg 768w, https:\/\/svenskelektronik.se\/wp-content\/uploads\/2025\/09\/50e78661-46e5-413e-8ea6-b2741d2b17ca-1536x1025.jpg 1536w, https:\/\/svenskelektronik.se\/wp-content\/uploads\/2025\/09\/50e78661-46e5-413e-8ea6-b2741d2b17ca-1619x1080.jpg 1619w\" sizes=\"auto, (max-width: 300px) 100vw, 300px\" \/>        <\/div>\n    \n    <div class=\"content-wrapper\">\n        <div class=\"top\">\n                            <div class=\"categories\">\n                    <a tabindex=\"-1\" class=\"tag\" href=\"https:\/\/svenskelektronik.se\/en\/nyheter\/?category=halvledare\">Halvledare<\/a><a tabindex=\"-1\" class=\"tag\" href=\"https:\/\/svenskelektronik.se\/en\/nyheter\/?category=pressmeddelande\">Pressmeddelande<\/a>                <\/div>\n            \n            <div class=\"date\">\n                2025.09.30            <\/div>\n        <\/div>\n        \n        <h3><a tabindex=\"-1\" href=\"https:\/\/svenskelektronik.se\/en\/sverige-tar-plats-i-europas-halvledarkoalition\/\">Sverige tar plats i Europas halvledarkoalition<\/a><\/h3>\n\n        \n        <div class=\"excerpt\">\n            <p>Sverige ansluter till European Semiconductor Coalition f\u00f6r att st\u00e4rka Europas teknologiska suver\u00e4nitet och framtida konkurrenskraft. Med en stark industriell bas, ledande forskning och en v\u00e4xande tekniksektor vill Sverige bidra till att forma Europas gemensamma halvledarstrategi \u2013 och samtidigt skapa nya m\u00f6jligheter f\u00f6r svensk innovation och tillv\u00e4xt. Klimat- och n\u00e4ringsminister samt vice statsminister Ebba Busch har [&hellip;]<\/p>\n        <\/div>\n\n                    <a class=\"read-more\" href=\"https:\/\/svenskelektronik.se\/en\/sverige-tar-plats-i-europas-halvledarkoalition\/\">\n            L\u00e4s mer            <span class=\"screenreader\"> om Sverige tar plats i Europas halvledarkoalition<\/span><div class=\"icon-chevron-right\"><\/div>\n        <\/a>\n            <\/div>\n<\/div>                                            <div class=\"post-carousel-card type-post\">\n    \n            <div class=\"featured_image\">\n            <img loading=\"lazy\" decoding=\"async\" width=\"300\" height=\"169\" src=\"https:\/\/svenskelektronik.se\/wp-content\/uploads\/2025\/09\/IMG_343111-1-300x169.jpg\" class=\"attachment-medium size-medium\" alt=\"\" srcset=\"https:\/\/svenskelektronik.se\/wp-content\/uploads\/2025\/09\/IMG_343111-1-300x169.jpg 300w, https:\/\/svenskelektronik.se\/wp-content\/uploads\/2025\/09\/IMG_343111-1.jpg 738w\" sizes=\"auto, (max-width: 300px) 100vw, 300px\" \/>        <\/div>\n    \n    <div class=\"content-wrapper\">\n        <div class=\"top\">\n                            <div class=\"categories\">\n                    <a tabindex=\"-1\" class=\"tag\" href=\"https:\/\/svenskelektronik.se\/en\/nyheter\/?category=nyhet\">Nyhet<\/a><a tabindex=\"-1\" class=\"tag\" href=\"https:\/\/svenskelektronik.se\/en\/nyheter\/?category=semicon-sweden\">Semicon Sweden<\/a>                <\/div>\n            \n            <div class=\"date\">\n                2025.09.08            <\/div>\n        <\/div>\n        \n        <h3><a tabindex=\"-1\" href=\"https:\/\/svenskelektronik.se\/en\/svensk-elektronik-och-semicon-sweden-i-samtal-med-regeringen-om-eu-usas-handelsavtal\/\">Svensk Elektronik och Semiconductor Sweden i samtal med regeringen om EU\u2013USA:s handelsavtal<\/a><\/h3>\n\n        \n        <div class=\"excerpt\">\n            <p>Os\u00e4kerhet kring tullar hotar elektronikindustrins framtid. I slutet av augusti bj\u00f6d bist\u00e5nds- och utrikeshandelsminister\u00a0Benjamin Dousa\u00a0in svenska f\u00f6retag och organisationer till samtal om det nya handelsavtalet mellan EU och USA.\u00a0Semiconductor Sweden\u00a0deltog i m\u00f6tet via\u00a0Sofia Persson Bj\u00f6rk, ordf\u00f6rande i Svensk Elektronik, tillsammans med representanter fr\u00e5n Linc, Mobility Sweden, SSAB, Svenskt N\u00e4ringsliv och Fj\u00e4llr\u00e4ven. Syftet med m\u00f6tet var [&hellip;]<\/p>\n        <\/div>\n\n                    <a class=\"read-more\" href=\"https:\/\/svenskelektronik.se\/en\/svensk-elektronik-och-semicon-sweden-i-samtal-med-regeringen-om-eu-usas-handelsavtal\/\">\n            L\u00e4s mer            <span class=\"screenreader\"> om Svensk Elektronik och Semiconductor Sweden i samtal med regeringen om EU\u2013USA:s handelsavtal<\/span><div class=\"icon-chevron-right\"><\/div>\n        <\/a>\n            <\/div>\n<\/div>                                            <div class=\"post-carousel-card type-post\">\n    \n            <div class=\"featured_image\">\n            <img loading=\"lazy\" decoding=\"async\" width=\"300\" height=\"168\" src=\"https:\/\/svenskelektronik.se\/wp-content\/uploads\/2025\/08\/AdobeStock_935874090-300x168.jpeg\" class=\"attachment-medium size-medium\" alt=\"\" srcset=\"https:\/\/svenskelektronik.se\/wp-content\/uploads\/2025\/08\/AdobeStock_935874090-300x168.jpeg 300w, https:\/\/svenskelektronik.se\/wp-content\/uploads\/2025\/08\/AdobeStock_935874090-1024x574.jpeg 1024w, https:\/\/svenskelektronik.se\/wp-content\/uploads\/2025\/08\/AdobeStock_935874090-768x430.jpeg 768w, https:\/\/svenskelektronik.se\/wp-content\/uploads\/2025\/08\/AdobeStock_935874090-1536x861.jpeg 1536w, https:\/\/svenskelektronik.se\/wp-content\/uploads\/2025\/08\/AdobeStock_935874090-2048x1148.jpeg 2048w, https:\/\/svenskelektronik.se\/wp-content\/uploads\/2025\/08\/AdobeStock_935874090-1920x1076.jpeg 1920w\" sizes=\"auto, (max-width: 300px) 100vw, 300px\" \/>        <\/div>\n    \n    <div class=\"content-wrapper\">\n        <div class=\"top\">\n                            <div class=\"categories\">\n                    <a tabindex=\"-1\" class=\"tag\" href=\"https:\/\/svenskelektronik.se\/en\/nyheter\/?category=nyhet\">Nyhet<\/a>                <\/div>\n            \n            <div class=\"date\">\n                2025.08.18            <\/div>\n        <\/div>\n        \n        <h3><a tabindex=\"-1\" href=\"https:\/\/svenskelektronik.se\/en\/svensk-elektronik-blir-medlem-i-allpros-eu\/\">Svensk Elektronik blir medlem i EU-kommissionens r\u00e5dgivande allians f\u00f6r processorer och halvledare<\/a><\/h3>\n\n        \n        <div class=\"excerpt\">\n            <p>Svensk Elektronik har anslutit sig till det av EU-kommissionen st\u00f6dda n\u00e4tverket&nbsp;Industrial Alliance for Processors and Semiconductors&nbsp;och kommer d\u00e4r att delta i arbetsgruppen kring&nbsp;Supply Chain. Denna allians kompletterar EU:s Chips Act och syftar till att st\u00e4rka Europas konkurrenskraft och digitala suver\u00e4nitet. M\u00f6jlighet f\u00f6r svenska f\u00f6retag att p\u00e5verka EU:s framtid. Genom Svensk Elektroniks medlemskap i alliansen f\u00e5r [&hellip;]<\/p>\n        <\/div>\n\n                    <a class=\"read-more\" href=\"https:\/\/svenskelektronik.se\/en\/svensk-elektronik-blir-medlem-i-allpros-eu\/\">\n            L\u00e4s mer            <span class=\"screenreader\"> om Svensk Elektronik blir medlem i EU-kommissionens r\u00e5dgivande allians f\u00f6r processorer och halvledare<\/span><div class=\"icon-chevron-right\"><\/div>\n        <\/a>\n            <\/div>\n<\/div>                                <\/div>\n    \n<\/section>\n\n\n<div style=\"height:40px\" aria-hidden=\"true\" class=\"wp-block-spacer\"><\/div>\n\n\n\n<div class=\"wp-block-buttons alignwide is-layout-flex wp-block-buttons-is-layout-flex\">\n<div class=\"wp-block-button\"><a class=\"wp-block-button__link has-background wp-element-button\" href=\"https:\/\/svenskelektronik.se\/nyheter\/\" style=\"border-radius:0px;background-color:#14387f\">Flera nyheter \u300b<\/a><\/div>\n<\/div>\n\n\n\n<div style=\"height:var(--wp--preset--spacing--70)\" aria-hidden=\"true\" class=\"wp-block-spacer\"><\/div>\n\n\n<section  class=\"tebab-block-posts_carousel alignwide type-event\">\n            <h2>Kommande evenemang<\/h2>\n    \n            <div class=\"carousel-wrapper \">\n                                            <div class=\"event-card\">\n    <div class=\"date-circle\">\n    <span class=\"month\">Maj<\/span>\n    <span class=\"day\">12<\/span>\n<\/div>\n    <div class=\"content-wrapper\">\n        <h3><a href=\"https:\/\/svenskelektronik.se\/en\/kalender\/halvdagskurs-effektivare-framtagning-av-medicintekniska-produkter-2\/\">Halvdagskurs: Effektivare framtagning av medicintekniska produkter<\/a><\/h3>\n        <div class=\"excerpt\">\n            <p>Vill du f\u00f6rdjupa din kunskap kring hur man effektivt tar en medicinteknisk produkt, fr\u00e5n id\u00e9 till kommersialisering? Vill du f\u00e5 tips om den sn\u00e5riga regulatoriska djungeln? Delta p\u00e5 v\u00e5ran halvdagskurs som g\u00e5r igenom: L\u00e4s mer om kursen via l\u00e4nken till v\u00e4nster. Vi arrangerar kursen tillsammans med Swedish Medtech.<\/p>\n        <\/div>\n        <a class=\"read-more\" href=\"https:\/\/svenskelektronik.se\/en\/kalender\/halvdagskurs-effektivare-framtagning-av-medicintekniska-produkter-2\/\">\n            L\u00e4s mer        <span class=\"screenreader\"> om Halvdagskurs: Effektivare framtagning av medicintekniska produkter<\/span><div class=\"icon-chevron-right\"><\/div><\/a>\n    <\/div>\n<\/div>                                            <div class=\"event-card\">\n    <div class=\"date-circle\">\n    <span class=\"month\">Maj<\/span>\n    <span class=\"day\">20<\/span>\n<\/div>\n    <div class=\"content-wrapper\">\n        <h3><a href=\"https:\/\/svenskelektronik.se\/en\/kalender\/varmote-2026\/\">V\u00e5rm\u00f6te 2026<\/a><\/h3>\n        <div class=\"excerpt\">\n            <p>\u00c5rets v\u00e5rm\u00f6te kommer att h\u00e5llas i Lund den 20 maj och vi kombinerar m\u00f6tet med bes\u00f6k i Axis Communications sp\u00e4nnande Experience Center, l\u00e4s mer centret h\u00e4r. Vi hoppas f\u00e5 se m\u00e5nga av er p\u00e5 plats, men det kommer \u00e4ven finnas m\u00f6jlighet att deltaga digitalt. L\u00e4s mer och anm\u00e4l dig h\u00e4r: V\u00e5rm\u00f6te 2026 Varmt v\u00e4lkommen!<\/p>\n        <\/div>\n        <a class=\"read-more\" href=\"https:\/\/svenskelektronik.se\/en\/kalender\/varmote-2026\/\">\n            L\u00e4s mer        <span class=\"screenreader\"> om V\u00e5rm\u00f6te 2026<\/span><div class=\"icon-chevron-right\"><\/div><\/a>\n    <\/div>\n<\/div>                                            <div class=\"event-card\">\n    <div class=\"date-circle\">\n    <span class=\"month\">Maj<\/span>\n    <span class=\"day\">21<\/span>\n<\/div>\n    <div class=\"content-wrapper\">\n        <h3><a href=\"https:\/\/svenskelektronik.se\/en\/kalender\/evertiq-expo\/\">Evertiq Expo<\/a><\/h3>\n        <div class=\"excerpt\">\n            <p>Svensk Elektronik kommer att st\u00e4lla ut och \u00e4ven finnas p\u00e5 scenen under Evertiq Expo som i \u00e5r \u00e4r tillbaka i Lund efter att flera \u00e5r tagit plats i Malm\u00f6. L\u00e4nk till kostnadsfri registrering finner ni h\u00e4r. Hoppas vi ses d\u00e4r!<\/p>\n        <\/div>\n        <a class=\"read-more\" href=\"https:\/\/svenskelektronik.se\/en\/kalender\/evertiq-expo\/\">\n            L\u00e4s mer        <span class=\"screenreader\"> om Evertiq Expo<\/span><div class=\"icon-chevron-right\"><\/div><\/a>\n    <\/div>\n<\/div>                                <\/div>\n    \n<\/section>\n\n\n<div style=\"height:0px\" aria-hidden=\"true\" class=\"wp-block-spacer\"><\/div>\n\n\n\n<div class=\"wp-block-buttons alignwide is-layout-flex wp-block-buttons-is-layout-flex\">\n<div class=\"wp-block-button is-style-fill\"><a class=\"wp-block-button__link has-background wp-element-button\" href=\"https:\/\/svenskelektronik.se\/kalender\/\" style=\"border-radius:0px;background-color:#14387f\">Till kalendern \u300b<\/a><\/div>\n<\/div>\n\n\n\n<div style=\"height:var(--wp--preset--spacing--70)\" aria-hidden=\"true\" class=\"wp-block-spacer\"><\/div>\n","protected":false},"excerpt":{"rendered":"<p>Current events<\/p>","protected":false},"author":1,"featured_media":0,"parent":0,"menu_order":0,"comment_status":"closed","ping_status":"closed","template":"","meta":{"footnotes":""},"class_list":["post-8","page","type-page","status-publish","hentry"],"acf":[],"_links":{"self":[{"href":"https:\/\/svenskelektronik.se\/en\/wp-json\/wp\/v2\/pages\/8","targetHints":{"allow":["GET"]}}],"collection":[{"href":"https:\/\/svenskelektronik.se\/en\/wp-json\/wp\/v2\/pages"}],"about":[{"href":"https:\/\/svenskelektronik.se\/en\/wp-json\/wp\/v2\/types\/page"}],"author":[{"embeddable":true,"href":"https:\/\/svenskelektronik.se\/en\/wp-json\/wp\/v2\/users\/1"}],"replies":[{"embeddable":true,"href":"https:\/\/svenskelektronik.se\/en\/wp-json\/wp\/v2\/comments?post=8"}],"version-history":[{"count":99,"href":"https:\/\/svenskelektronik.se\/en\/wp-json\/wp\/v2\/pages\/8\/revisions"}],"predecessor-version":[{"id":740357,"href":"https:\/\/svenskelektronik.se\/en\/wp-json\/wp\/v2\/pages\/8\/revisions\/740357"}],"wp:attachment":[{"href":"https:\/\/svenskelektronik.se\/en\/wp-json\/wp\/v2\/media?parent=8"}],"curies":[{"name":"wp","href":"https:\/\/api.w.org\/{rel}","templated":true}]}}